{"id":17,"date":"2021-04-05T15:35:42","date_gmt":"2021-04-05T13:35:42","guid":{"rendered":"http:\/\/ulgzomt.cluster026.hosting.ovh.net\/?page_id=17"},"modified":"2026-04-10T17:39:58","modified_gmt":"2026-04-10T15:39:58","slug":"agenda","status":"publish","type":"page","link":"https:\/\/www.lestransformateurs.fr\/index.php\/agenda\/","title":{"rendered":"Agenda"},"content":{"rendered":"\n<p><span style=\"color:#e1f4fd\" class=\"has-inline-color\"><em>Photo <\/em><\/span><em><span style=\"color:#f1fafe\" class=\"has-inline-color\">Vanessa Renaud<\/span><\/em><\/p>\n\n\n\n<p><span class=\"has-inline-color has-luminous-vivid-orange-color\">2027<\/span><\/p>\n\n\n\n<p><span style=\"color:#e4f1f6\" class=\"has-inline-color\">Du 22 au 24 avril 2027 \u00e0 ROUANS (44) \u00ab\u00a0Croq&rsquo; la sc\u00e8ne\u00a0\u00bb<\/span><\/p>\n\n\n\n<p><span class=\"has-inline-color has-luminous-vivid-orange-color\">2026<\/span><\/p>\n\n\n\n<p><span style=\"color:#e4f1f6\" class=\"has-inline-color\">4 octobre 2026 \u00e0 SAINT AUBIN LE VERTUEUX (27)<\/span> <em style=\"font-size: Revert;\"><span style=\"color:#e4f1f6\" class=\"has-inline-color\">avec Assahira production<\/span> <\/em><\/p>\n\n\n\n<p><span style=\"color:#e4f1f6\" class=\"has-inline-color\">27 septembre 2026 \u00e0 BAYEUX (14)<\/span><\/p>\n\n\n\n<p><span style=\"color:#e4f1f6\" class=\"has-inline-color\">26 septembre 2026 \u00e0 VITR\u00c9 (35)<\/span><\/p>\n\n\n\n<p><span style=\"color:#e4f1f6\" class=\"has-inline-color\">12 septembre 2026 \u00e0 ANDREZ\u00c9 (44)<\/span><\/p>\n\n\n\n<p><span style=\"color:#e4f1f6\" class=\"has-inline-color\">5 et 6 septembre 2026 \u00e0 SAINTE SAVINE (10) \u00ab\u00a0Festival la Ru\u00e9e vers l\u2019Autre\u00a0\u00bb<\/span> <em style=\"font-size: Revert;\"><span style=\"color:#e4f1f6\" class=\"has-inline-color\">avec Assahira production<\/span> <\/em><\/p>\n\n\n\n<p><span style=\"color:#e4f1f6\" class=\"has-inline-color\">8 ao\u00fbt 2026 \u00e0 SAINT L\u00c9ZIN (49) \u00ab\u00a0Festival L&rsquo;Ouvre-Boites\u00a0\u00bb<\/span><\/p>\n\n\n\n<p><span style=\"color:#e4f1f6\" class=\"has-inline-color\">6 ao\u00fbt 2026 \u00e0 BEAUGENCY (45)<\/span> <em style=\"font-size: Revert;\"><span style=\"color:#e4f1f6\" class=\"has-inline-color\">avec Assahira production<\/span> <\/em><\/p>\n\n\n\n<p><span style=\"color:#e4f1f6\" class=\"has-inline-color\">17 juillet 2026 \u00e0 PAULX (44) \u00ab\u00a0Festival ho paulx pop\u00a0\u00bb<\/span> <\/p>\n\n\n\n<p><span style=\"color:#e4f1f6\" class=\"has-inline-color\">12 juillet 2026 \u00e0 DOUAI (59)<\/span> <em style=\"font-size: Revert;\"><span style=\"color:#e4f1f6\" class=\"has-inline-color\">\u00ab\u00a0F\u00eates de Gayant\u00a0\u00bb avec Assahira production<\/span> <\/em><\/p>\n\n\n\n<p><span style=\"color:#e4f1f6\" class=\"has-inline-color\">4 juillet 2026 \u00e0 REZ\u00c9 (44) \u00ab\u00a0Voyage \u00e0 Claire Cit\u00e9\u00a0\u00bb<\/span><\/p>\n\n\n\n<p><span style=\"color:#e4f1f6\" class=\"has-inline-color\"><span style=\"color:#e4f1f6\" class=\"has-inline-color\"><\/span>3 juillet 2026 \u00e0 LA LIMOUZINI\u00c8RE (44)<\/span><\/p>\n\n\n\n<p><span style=\"color:#e4f1f6\" class=\"has-inline-color\">27 juin 2026 \u00e0 CORCOU\u00c9 SUR LOGNE (44)<\/span><\/p>\n\n\n\n<p><span style=\"color:#e4f1f6\" class=\"has-inline-color\">20 juin 2026 \u00e0 TREILLI\u00c9RE (44)<\/span><\/p>\n\n\n\n<p><span style=\"color:#e4f1f6\" class=\"has-inline-color\">19 juin 2026 \u00e0 SAVENAY (44)<\/span><\/p>\n\n\n\n<p><span style=\"color:#e4f1f6\" class=\"has-inline-color\">14 juin 2026 \u00e0 SAINT FLORENT DES BOIS (85)<\/span> <span style=\"color:#e4f1f6\" class=\"has-inline-color\">\u00ab\u00a0F\u00eate paysanne\u00a0\u00bb<\/span><\/p>\n\n\n\n<p><span style=\"color:#e4f1f6\" class=\"has-inline-color\">13 juin 2026 \u00e0 LUCH\u00c9 (79) \u00ab\u00a0Festival humour\u00a0\u00bb<\/span><\/p>\n\n\n\n<p><span style=\"color:#e4f1f6\" class=\"has-inline-color\">6 juin 2026 \u00e0 ROSNY SUR SEINE (78) <\/span><\/p>\n\n\n\n<p><span style=\"color:#e4f1f6\" class=\"has-inline-color\">30 mai 2026 \u00e0 PERIGNY (17) \u00ab\u00a0Carnaval\u00a0\u00bb <\/span><\/p>\n\n\n\n<p><span style=\"color:#e4f1f6\" class=\"has-inline-color\">30 mai 2026 \u00e0 JARD SUR MER (85) \u00ab\u00a020 ans du Toqu\u00e9 de Samba\u00a0\u00bb<\/span><\/p>\n\n\n\n<p><span style=\"color:#e4f1f6\" class=\"has-inline-color\">16 mai 2025 \u00e0 MORTON (86) \u00ab\u00a0center parc\u00a0\u00bb<\/span><\/p>\n\n\n\n<p><span style=\"color:#e4f1f6\" class=\"has-inline-color\">3 mai 2026 \u00e0 LA CHAPELLE ST MESMIN (45) \u00ab&nbsp;D\u00e9clic Ecologique&nbsp;\u00bb<\/span><\/p>\n\n\n\n<p><span style=\"color:#e4f1f6\" class=\"has-inline-color\">26 avril 2026 \u00e0 LE CROISIC (44)<\/span><\/p>\n\n\n\n<p><span style=\"color:#e4f1f6\" class=\"has-inline-color\"><\/span><span style=\"color:#e4f1f6\" class=\"has-inline-color\">29 mars 2026 \u00e0 CHEN\u00d4VE (21)<\/span><\/p>\n\n\n\n<p><span style=\"color:#e4f1f6\" class=\"has-inline-color\">14 mars 2026 \u00e0 VALLET (44) \u00ab\u00a0Foire de Vallet\u00a0\u00bb<\/span><\/p>\n\n\n\n<p><span class=\"has-inline-color has-luminous-vivid-orange-color\">2025<\/span><\/p>\n\n\n\n<p><span style=\"color:#e4f1f6\" class=\"has-inline-color\">7 d\u00e9cembre 2025 \u00e0 VIX (85)<\/span><\/p>\n\n\n\n<p><span style=\"color:#e4f1f6\" class=\"has-inline-color\">15 novembre 2025 \u00e0 ALEN\u00c7ON (61)<\/span><\/p>\n\n\n\n<p><span style=\"color:#e4f1f6\" class=\"has-inline-color\">10-11-12 octobre \u00e0 LAQUENEXY (57)<\/span> <em style=\"font-size: Revert;\"><span style=\"color:#e4f1f6\" class=\"has-inline-color\">\u00ab\u00a0F\u00eate des jardins et des saveurs \u00a0\u00bb avec Assahira production<\/span> <\/em><\/p>\n\n\n\n<p><span style=\"color:#e4f1f6\" class=\"has-inline-color\">18 octobre 2025 <\/span><em style=\"font-size: Revert;\"><span style=\"color:#e4f1f6\" class=\"has-inline-color\">\u00e0 MORTON (86) <\/span><\/em><\/p>\n\n\n\n<p><span style=\"color:#e4f1f6\" class=\"has-inline-color\">4 octobre 2025 <\/span><em style=\"font-size: Revert;\"><span style=\"color:#e4f1f6\" class=\"has-inline-color\">\u00e0 BLERE (37) avec Assahira production<\/span> <\/em><\/p>\n\n\n\n<p class=\"has-text-color has-link-color wp-elements-ca7ee85cf74a62f9fe7e3550d4cc0f0b\" style=\"color:#dfecf7\"><span style=\"color:#e4f1f6\" class=\"has-inline-color\">17 septembre 2025 \u00e0 <\/span>RENNES<em style=\"font-size: Revert;\"><span style=\"color:#e4f1f6\" class=\"has-inline-color\"> avec Assahira production<\/span> <\/em><\/p>\n\n\n\n<p class=\"has-text-color has-link-color wp-elements-9ef0e011ef35f9e7558ee78ab3b20436\" style=\"color:#dae6f7\"><span style=\"color:#e4f1f6\" class=\"has-inline-color\">14 septembre 2025 \u00e0 LA CHAPELLE ACHARD (85) \u00ab\u00a0Journ\u00e9e Nature et Saveurs \u00ab\u00a0<\/span><\/p>\n\n\n\n<p><span style=\"color:#e4f1f6\" class=\"has-inline-color\">12 septembre 2025 \u00e0 TRIGNAC (44)<\/span> <\/p>\n\n\n\n<p><span style=\"color:#e4f1f6\" class=\"has-inline-color\">7 septembre 2025 \u00e0 AVOINE (37) \u00a0\u00bb Un Dimanche \u00e0 la Campagne \u00ab\u00a0<\/span><\/p>\n\n\n\n<p class=\"has-text-color has-link-color wp-elements-e2fbe3a1e7f0233a060012620b0a9085\" style=\"color:#ddf4fa\"><span style=\"color:#e4f1f6\" class=\"has-inline-color\">6 septembre 2025 \u00e0 THOUAR\u00c9 (44)<\/span> \u00ab\u00a0Inauguration Salles associatives\u00a0\u00bb<\/p>\n\n\n\n<p><span style=\"color:#e4f1f6\" class=\"has-inline-color\">5 septembre 2025 \u00e0 ORVAULT (44) \u00a0\u00bb La Biblioth\u00e8que dans la rue \u00ab\u00a0<\/span><\/p>\n\n\n\n<p><span style=\"color:#e4f1f6\" class=\"has-inline-color\">31 ao\u00fbt 2025 \u00e0 RAMBOUILLET (78)<\/span> <em style=\"font-size: Revert;\"><span style=\"color:#e4f1f6\" class=\"has-inline-color\">\u00a0\u00bb Place aux Artistes \u00a0\u00bb avec Assahira production<\/span> <\/em><\/p>\n\n\n\n<p><span style=\"color:#e4f1f6\" class=\"has-inline-color\">24 o\u00fbt 2025 \u00e0 LANION (22)<\/span><\/p>\n\n\n\n<p><span style=\"color:#e4f1f6\" class=\"has-inline-color\">22 ao\u00fbt 2025 \u00e0 LOUDUN (86)<\/span> <em style=\"font-size: Revert;\"><span style=\"color:#e4f1f6\" class=\"has-inline-color\">\u00a0\u00bb Festival Lug&rsquo;en sc\u00e8ne \u00a0\u00bb avec Assahira production<\/span> <\/em><\/p>\n\n\n\n<p><span style=\"color:#e4f1f6\" class=\"has-inline-color\">21 ao\u00fbt 2025 \u00e0 PENESTIN (44)<\/span><\/p>\n\n\n\n<p><span style=\"color:#e4f1f6\" class=\"has-inline-color\">20 ao\u00fbt 2025 \u00e0 LARMOR PLAGE (56)<\/span><\/p>\n\n\n\n<p><span style=\"color:#e4f1f6\" class=\"has-inline-color\">16 ao\u00fbt 2025 \u00e0 LOUDUN (86)<\/span> <\/p>\n\n\n\n<p class=\"has-text-color has-link-color wp-elements-3555698725932b249f0e218cef15146a\" style=\"color:#d7eefb\"><span style=\"color:#e4f1f6\" class=\"has-inline-color\">15 ao\u00fbt 2025 \u00e0 MORANNES (45)<\/span> \u00ab\u00a0Corso Fleuri\u00a0\u00bb<\/p>\n\n\n\n<p class=\"has-text-color has-link-color wp-elements-582fcd598359cff30d2a304dfc093edf\" style=\"color:#e3f3fd\"><span style=\"color:#e4f1f6\" class=\"has-inline-color\">du 8 au 10 ao\u00fbt 2025 \u00e0 PAIMPOL (22) \u00ab\u00a0Festival du Chant de marin<\/span>\u00a0\u00bb <em style=\"font-size: Revert;\"><span style=\"color:#e4f1f6\" class=\"has-inline-color\">avec Assahira production<\/span> <\/em><\/p>\n\n\n\n<p><span style=\"color:#e4f1f6\" class=\"has-inline-color\">7 ao\u00fbt 2025 \u00e0 TIFFAUGES (85 \u00a0\u00bb March\u00e9 des Producteurs \u00ab\u00a0<\/span><\/p>\n\n\n\n<p><span style=\"color:#e4f1f6\" class=\"has-inline-color\">30 juillet 2025 \u00e0 CRETEIL (94)<\/span> <em style=\"font-size: Revert;\"><span style=\"color:#e4f1f6\" class=\"has-inline-color\">avec Assahira production<\/span><\/em><\/p>\n\n\n\n<p><span style=\"color:#e4f1f6\" class=\"has-inline-color\">25 juillet 2025 \u00e0 RIVES DE L&rsquo;YON (85)<\/span><\/p>\n\n\n\n<p><span style=\"color:#e4f1f6\" class=\"has-inline-color\">24 juillet 2025 \u00e0 LA GRIGONAIS (44)<\/span><\/p>\n\n\n\n<p><span style=\"color:#e4f1f6\" class=\"has-inline-color\">21 juillet 2025 \u00e0 LE CROISIC (44) \u00ab\u00a0Les Croisi&rsquo;Quais\u00a0\u00bb<\/span><\/p>\n\n\n\n<p><span style=\"color:#e4f1f6\" class=\"has-inline-color\">18 juillet 2025 \u00e0 PAULX (44) \u00a0\u00bb Hop Paulx Pop \u00ab\u00a0<\/span><\/p>\n\n\n\n<p class=\"has-text-color has-link-color wp-elements-4fec2e5cab03cbb89e743b2d3955b2c5\" style=\"color:#e1f1fa\"><span style=\"color:#e4f1f6\" class=\"has-inline-color\">14 juillet 2025 \u00e0 SAVENAY (44)<\/span> \u00ab\u00a0F\u00eate du 14 Juillet\u00a0\u00bb<\/p>\n\n\n\n<p class=\"has-text-color has-link-color wp-elements-2dd4229d91a58cbba04d24a281e182f8\" style=\"color:#eaf6fe\"><span style=\"color:#e4f1f6\" class=\"has-inline-color\">13 juillet 2025 \u00e0 PORT OLONA (85)<\/span> \u00ab\u00a0March\u00e9 d&rsquo;\u00e9t\u00e9\u00a0\u00bb<\/p>\n\n\n\n<p class=\"has-text-color has-link-color wp-elements-3fe36e5720644fc1784f42e00c461666\" style=\"color:#e1f1fa\"><span style=\"color:#e4f1f6\" class=\"has-inline-color\">6 juillet 2025 \u00e0 ORLEANS (45) <\/span><em>Avec Assahira Production<\/em><\/p>\n\n\n\n<p class=\"has-text-color has-link-color wp-elements-815a928158c38ba6acbae1b4658cbbf8\" style=\"color:#e6f1fd\"><span style=\"color:#e4f1f6\" class=\"has-inline-color\">5 juillet 2025 \u00e0 RENNES (35) \u00ab\u00a0<\/span>F\u00eate des Diversit\u00e9s\u00a0\u00bb<\/p>\n\n\n\n<p><span style=\"color:#e4f1f6\" class=\"has-inline-color\">5 juillet 2025 soir \u00e0 FROIDFOND (85) \u00ab\u00a0Les feux de Bengale\u00a0\u00bb<\/span><\/p>\n\n\n\n<p><span style=\"color:#e4f1f6\" class=\"has-inline-color\">4 juillet 2025 \u00e0 LA ROCHE SUR YON (85) \u00a0\u00bb F\u00eate de quartier \u00a0\u00bb   <\/span><\/p>\n\n\n\n<p><span style=\"color:#e4f1f6\" class=\"has-inline-color\">29 juin 2025 \u00e0 QUAREGNON (BELGIQUE)<\/span> <em style=\"font-size: Revert;\"><span style=\"color:#e4f1f6\" class=\"has-inline-color\">\u00a0\u00bb Culture &amp; Food Festival \u00a0\u00bb avec Assahira production<\/span> <\/em><\/p>\n\n\n\n<p><span style=\"color:#e4f1f6\" class=\"has-inline-color\">28 juin 2025 \u00e0 LOOS (59)<\/span> <\/p>\n\n\n\n<p><span style=\"color:#e4f1f6\" class=\"has-inline-color\">23-24 juin 2025 \u00e0 SIBIU (ROUMANIE) \u00ab\u00a0Festivalul International de Teatru de la Sibiu\u00a0\u00bb <\/span> <em style=\"font-size: Revert;\"><span style=\"color:#e4f1f6\" class=\"has-inline-color\">avec Assahira production<\/span> <\/em><\/p>\n\n\n\n<p><span style=\"color:#e4f1f6\" class=\"has-inline-color\">15 juin 2025 \u00e0 CORCOU\u00c9 SUR LOGNE (44) \u00ab\u00a0Festival Les Deluretz\u00a0\u00bb<\/span><\/p>\n\n\n\n<p><span style=\"color:#e4f1f6\" class=\"has-inline-color\">14 juin 2025 \u00e0 CHOISY LE ROY (94)<\/span><\/p>\n\n\n\n<p><span style=\"color:#e4f1f6\" class=\"has-inline-color\">13 juin 2025 \u00e0 MOURENX (64) \u00ab\u00a0Festival Pop up Caf\u00e9\u00a0\u00bb<\/span><\/p>\n\n\n\n<p class=\"has-text-color has-link-color wp-elements-2f05794944936cf9e82c8d8e1800b3dd\" style=\"color:#dceefb\"><span style=\"color:#e4f1f6\" class=\"has-inline-color\">12 juin \u00e0 NANTES (44)<\/span> \u00ab\u00a0Le Grand RDV des Engag\u00e9es\u00a0\u00bb <em style=\"font-size: Revert;\"><span style=\"color:#e4f1f6\" class=\"has-inline-color\">avec Assahira production<\/span> <\/em><\/p>\n\n\n\n<p class=\"has-text-color has-link-color wp-elements-faf3c77fbcdca33626b86068845adba0\" style=\"color:#d7eaf7\"><span style=\"color:#e4f1f6\" class=\"has-inline-color\">8 juin 2025 \u00e0 ST PIERRE DES NIDS (53)<\/span> \u00ab\u00a0Corso V\u00e9lo Fleuri\u00a0\u00bb<\/p>\n\n\n\n<p><span style=\"color:#e4f1f6\" class=\"has-inline-color\">7 juin 2025 \u00e0 G\u00c9TIGN\u00c9 (44)<\/span> <span style=\"color:#e4f1f6\" class=\"has-inline-color\">\u00ab\u00a0Mon petit festival\u00a0\u00bb<\/span><\/p>\n\n\n\n<p><span style=\"color:#e4f1f6\" class=\"has-inline-color\">25 mai 2025 \u00e0 M\u00dbR-ERIGN\u00c9 (49) \u00ab&nbsp;M\u00fbrs pour les Transitions&nbsp;\u00bb <\/span><\/p>\n\n\n\n<p><span style=\"color:#e4f1f6\" class=\"has-inline-color\">17 mai 2025 \u00e0 GENNEVILLIERS (92)<\/span> <em style=\"font-size: Revert;\"><span style=\"color:#e4f1f6\" class=\"has-inline-color\">avec Assahira production \u00a0\u00bb La F\u00eate de l&rsquo;\u00c9cologie \u00a0\u00bb <\/span><\/em><\/p>\n\n\n\n<p><span style=\"color:#e4f1f6\" class=\"has-inline-color\">4 mai 2025 \u00e0 AVRILL\u00c9 (49) \u00ab\u00a0F\u00eate des Id\u00e9es Vertes\u00a0\u00bb <\/span><\/p>\n\n\n\n<p><span style=\"color:#e4f1f6\" class=\"has-inline-color\">13 avril 2025 NIEUL SUR MER (17) \u00a0\u00bb Festival Low-Tech \u00ab\u00a0<\/span> <\/p>\n\n\n\n<p><span style=\"color:#e4f1f6\" class=\"has-inline-color\">9 avril 2025 \u00e0 LE MANS (72)<\/span><\/p>\n\n\n\n<p><span style=\"color:#e4f1f6\" class=\"has-inline-color\">6 avril 2025 \u00e0 NANTES (44) \u00ab\u00a0\u00c9cossolies\u00a0\u00bb<\/span><\/p>\n\n\n\n<p><span style=\"color:#e4f1f6\" class=\"has-inline-color\">21 mars 2025 \u00e0 BENET (85) \u00ab\u00a0Carnaval\u00a0\u00bb<\/span><\/p>\n\n\n\n<p><span style=\"color:#e4f1f6\" class=\"has-inline-color\">25 janvier 2025 \u00e0 FLEURY LES AUBRAY (45) <\/span><em style=\"font-size: Revert;\"><span style=\"color:#e4f1f6\" class=\"has-inline-color\">avec Assahira production<\/span> <\/em><\/p>\n\n\n\n<p><span style=\"color:#e4f1f6\" class=\"has-inline-color\">10 janvier 2025 \u00e0 GORGES (44) Lyc\u00e9e Charles P\u00e9guy<\/span><\/p>\n\n\n\n<p class=\"has-vivid-cyan-blue-color has-text-color has-link-color wp-elements-1bbeb344531a685ddfb06f5b4750e911\" style=\"font-size:16px\"><span class=\"has-inline-color has-luminous-vivid-orange-color\">2024.<\/span> <\/p>\n\n\n\n<p><span style=\"color:#e4f1f6\" class=\"has-inline-color\">15 d\u00e9cembre 2024 \u00e0 ANGERS (49) \u00ab\u00a0Soleil d&rsquo;hiver\u00a0\u00bb<\/span> <em style=\"font-size: Revert;\"><span style=\"color:#e4f1f6\" class=\"has-inline-color\">avec Assahira production<\/span> <\/em><\/p>\n\n\n\n<p><span style=\"color:#e4f1f6\" class=\"has-inline-color\">14 d\u00e9cembre 2024 \u00e0 CERNAY (78) <\/span><\/p>\n\n\n\n<p><span style=\"color:#e4f1f6\" class=\"has-inline-color\">7 et 8 d\u00e9cembre 2024 \u00e0 NANCY (54)<\/span> <em style=\"font-size: Revert;\"><span style=\"color:#e4f1f6\" class=\"has-inline-color\">avec Assahira production<\/span> <\/em><\/p>\n\n\n\n<p><span style=\"color:#e4f1f6\" class=\"has-inline-color\">9 novembre 2024 \u00e0 SAINT-LYPHARD (44) Salon \u00ab\u00a0Objectif z\u00e9ro d\u00e9chet\u00a0\u00bb<\/span><\/p>\n\n\n\n<p><span style=\"color:#e4f1f6\" class=\"has-inline-color\"><span style=\"color:#e4f1f6\" class=\"has-inline-color\">26 octobre 2024 \u00e0 LANNION (22) Salon \u00a0\u00bb Journ\u00e9e z\u00e9ro d\u00e9chets \u00ab\u00a0<\/span><\/span><\/p>\n\n\n\n<p><span style=\"color:#e4f1f6\" class=\"has-inline-color\">19 octobre 2024 \u00e0 THOUARS (79)) \u00ab\u00a0Journ\u00e9e de la transition \u00e9cologique\u00a0\u00bb<\/span><\/p>\n\n\n\n<p><span style=\"color:#e4f1f6\" class=\"has-inline-color\">12 octobre 2024 \u00e0 SARCELLES (95) \u00ab\u00a0Maison de quartier des Vignes Blanches\u00a0\u00bb  ANNUL\u00c9<\/span><\/p>\n\n\n\n<p><span style=\"color:#e4f1f6\" class=\"has-inline-color\">11 octobre 2024 \u00e0 LES HERBIERS (85) \u00ab\u00a0Chrono des Herbiers\u00a0\u00bb<\/span><\/p>\n\n\n\n<p><span style=\"color:#e4f1f6\" class=\"has-inline-color\">29 septembre 2024 \u00e0 VIRE (14) \u00ab\u00a0Village de la recup&rsquo; et du z\u00e9ro d\u00e9chet\u00a0\u00bb <\/span> <em style=\"font-size: Revert;\"><span style=\"color:#e4f1f6\" class=\"has-inline-color\">avec Assahira production\u00a0\u00bb<\/span><\/em><\/p>\n\n\n\n<p><span style=\"color:#e4f1f6\" class=\"has-inline-color\">du 26 au 28 septembre 2024 \u00e0 MILAN (Italie) \u00ab\u00a0Festival milano la citta che sale\u00a0\u00bb <\/span> <em style=\"font-size: Revert;\"><span style=\"color:#e4f1f6\" class=\"has-inline-color\">avec Assahira production\u00a0\u00bb<\/span><\/em><\/p>\n\n\n\n<p><span style=\"color:#e4f1f6\" class=\"has-inline-color\">21 septembre 2024 \u00e0 LAVAL (53)<\/span><\/p>\n\n\n\n<p><span style=\"color:#e4f1f6\" class=\"has-inline-color\">18 septembre 2024 \u00e0 RENNES (35)<\/span><\/p>\n\n\n\n<p><span style=\"color:#e4f1f6\" class=\"has-inline-color\">30 ao\u00fbt 2024 \u00e0 EVRY (61)<\/span><\/p>\n\n\n\n<p><span style=\"color:#e4f1f6\" class=\"has-inline-color\">15 ao\u00fbt 2024 \u00e0 PASSAY (44)<\/span><\/p>\n\n\n\n<p><span style=\"color:#e4f1f6\" class=\"has-inline-color\">13 ao\u00fbt 2024 \u00e0 L&rsquo;Aigle (61)<\/span> <em style=\"font-size: Revert;\"><span style=\"color:#e4f1f6\" class=\"has-inline-color\">\u00a0\u00bb avec Assahira production\u00a0\u00bb<\/span><\/em><\/p>\n\n\n\n<p><span style=\"color:#e4f1f6\" class=\"has-inline-color\">11 ao\u00fbt 2024 aux SABLES D&rsquo;OLONNES (85)<\/span><\/p>\n\n\n\n<p><span style=\"color:#e4f1f6\" class=\"has-inline-color\">10 ao\u00fbt 2024 \u00e0 PORT DES BARQUES (17)<\/span><\/p>\n\n\n\n<p><span style=\"color:#e4f1f6\" class=\"has-inline-color\">6 ao\u00fbt 2024 \u00e0 ST PAIR SUR MER (50)<\/span><\/p>\n\n\n\n<p><span style=\"color:#e4f1f6\" class=\"has-inline-color\">4 ao\u00fbt 2024 \u00e0 DAMVIX (85)<\/span> <em style=\"font-size: Revert;\"><span style=\"color:#e4f1f6\" class=\"has-inline-color\">\u00a0\u00bb avec Assahira production\u00a0\u00bb<\/span><\/em><\/p>\n\n\n\n<p><span style=\"color:#e4f1f6\" class=\"has-inline-color\">31 juillet 2024 \u00e0 ESS\u00c9 (35)<\/span> <em style=\"font-size: Revert;\"><span style=\"color:#e4f1f6\" class=\"has-inline-color\">Site de la Roche aux F\u00e9es\u00a0\u00bb avec Assahira production\u00a0\u00bb<\/span><\/em><\/p>\n\n\n\n<p><span style=\"color:#e4f1f6\" class=\"has-inline-color\">14 juillet 2024 \u00e0 MORTON (86) \u00ab\u00a0center parc\u00a0\u00bb<\/span><\/p>\n\n\n\n<p><span style=\"color:#e4f1f6\" class=\"has-inline-color\">6 et 7 juillet 2024 \u00e0 FOUESNANT (29) \u00ab\u00a0Festi Dreuz\u00a0\u00bb <\/span> <em style=\"font-size: Revert;\"><span style=\"color:#e4f1f6\" class=\"has-inline-color\">avec Assahira production\u00a0\u00bb<\/span><\/em><\/p>\n\n\n\n<p><span style=\"color:#e4f1f6\" class=\"has-inline-color\">5 juillet 2024 \u00e0 PARAY LE MONIAL (71)<\/span> <em style=\"font-size: Revert;\"><span style=\"color:#e4f1f6\" class=\"has-inline-color\">avec Assahira production\u00a0\u00bb<\/span><\/em><\/p>\n\n\n\n<p><span style=\"color:#e4f1f6\" class=\"has-inline-color\">30 juin 2024 \u00e0 NANTES (44) \u00ab\u00a0Pont Anne de Bretagne\u00a0\u00bb<\/span><\/p>\n\n\n\n<p><span style=\"color:#e4f1f6\" class=\"has-inline-color\">28 juin 2024 \u00e0 CHAUMES EN RETZ (44) <\/span><\/p>\n\n\n\n<p><span style=\"color:#e4f1f6\" class=\"has-inline-color\">23 juin 2024 \u00e0 LA CHEVROLI\u00c8RE (44) <\/span> <\/p>\n\n\n\n<p><span style=\"color:#e4f1f6\" class=\"has-inline-color\">22 juin 2024 \u00e0 NANTES (44) M.Q. \u00cele de Nantes <\/span> <\/p>\n\n\n\n<p><span style=\"color:#e4f1f6\" class=\"has-inline-color\">19 juin 2024 \u00e0 ANGERS (49) \u00ab\u00a0Quartier du grand pigeon\u00a0\u00bb<\/span><\/p>\n\n\n\n<p><span style=\"color:#e4f1f6\" class=\"has-inline-color\">16 juin 2024 \u00e0 M\u00dcR-\u00c9RIGN\u00c9 (49) <\/span><\/p>\n\n\n\n<p><span style=\"color:#e4f1f6\" class=\"has-inline-color\">15 juin 2024 \u00e0 NANTES (44) \u00a0\u00bb CSC La Piloti\u00e8re\u00a0\u00bb<\/span><\/p>\n\n\n\n<p><span style=\"color:#e4f1f6\" class=\"has-inline-color\">8 juin 2024 \u00e0 TOUTLEMONDE (49) <\/span><\/p>\n\n\n\n<p><span style=\"color:#e4f1f6\" class=\"has-inline-color\">7 juin 2024 \u00e0 SAINT BARTHELEMY D&rsquo;ANJOU (49) <\/span><\/p>\n\n\n\n<p><span style=\"color:#e4f1f6\" class=\"has-inline-color\">13 avril 2024 \u00e0 ALEN\u00c7ON (61)<\/span><\/p>\n\n\n\n<p><span style=\"color:#e4f1f6\" class=\"has-inline-color\">23 mars 2024 \u00e0 REZ\u00c9 (44) \u00ab\u00a0carnaval Jaunais bordi\u00e8re<\/span>\u00ab\u00a0<\/p>\n\n\n\n<p><span style=\"color:#e4f1f6\" class=\"has-inline-color\">5 mars 2024 \u00e0 CHAUMONT SUR THARONNES (41)<\/span><\/p>\n\n\n\n<p><span style=\"color:#e4f1f6\" class=\"has-inline-color\">27 f\u00e9vrier 2024 \u00e0 CHAUMONT SUR THARONNES (41)<\/span><\/p>\n\n\n\n<p><span style=\"color:#e4f1f6\" class=\"has-inline-color\">23 f\u00e9vrier 2024 \u00e0 PORNIC (44)<\/span><\/p>\n\n\n\n<p><span style=\"color:#e4f1f6\" class=\"has-inline-color\">20 f\u00e9vrier 2024 \u00e0 CHAUMONT SUR THARONNES (41)<\/span><\/p>\n\n\n\n<p><span style=\"color:#e4f1f6\" class=\"has-inline-color\">17 f\u00e9vrier 2024 \u00e0 LOUDUN (86)<\/span><\/p>\n\n\n\n<p><span style=\"color:#e4f1f6\" class=\"has-inline-color\">27 janvier 2024 \u00e0 LE MANS (72) \u00ab\u00a0ANNUL\u00c9\u00a0\u00bb<\/span><\/p>\n\n\n\n<p><span class=\"has-inline-color has-luminous-vivid-orange-color\">2023<\/span><\/p>\n\n\n\n<p><span style=\"color:#e4f1f6\" class=\"has-inline-color\">22 d\u00e9cembre 2023 \u00e0 QUIMPER  (29) \u00ab\u00a0Passeurs de Lumi\u00e8re\u00a0\u00bb <\/span><\/p>\n\n\n\n<p><span style=\"color:#e4f1f6\" class=\"has-inline-color\">17 d\u00e9cembre 2023 \u00e0 CH\u00c2TEAUBRIANT  (44)<\/span><\/p>\n\n\n\n<p><span style=\"color:#e4f1f6\" class=\"has-inline-color\">16 d\u00e9cembre 2023 \u00e0 VANVES (92)<\/span><\/p>\n\n\n\n<p><span style=\"color:#e4f1f6\" class=\"has-inline-color\">15 d\u00e9cembre 2023 \u00e0 REZ\u00c9 (44)<\/span><\/p>\n\n\n\n<p><span style=\"color:#e4f1f6\" class=\"has-inline-color\">5 d\u00e9cembre 2023 \u00e0 GUYANCOURT (78)<\/span>  <em style=\"font-size: Revert;\"><span style=\"color:#e4f1f6\" class=\"has-inline-color\">avec Assahira production\u00a0\u00bb<\/span><\/em><\/p>\n\n\n\n<p><span style=\"color:#e4f1f6\" class=\"has-inline-color\">1ier d\u00e9cembre 2023 \u00e0 ST NAZAIRE (44)<\/span><\/p>\n\n\n\n<p><span style=\"color:#e4f1f6\" class=\"has-inline-color\">30 novembre 2023 \u00e0 NANTES  (44)<\/span><\/p>\n\n\n\n<p><span style=\"color:#e4f1f6\" class=\"has-inline-color\">26 novembre 2023 \u00e0 PONTIVY (56)<\/span><\/p>\n\n\n\n<p><span style=\"color:#e4f1f6\" class=\"has-inline-color\">4 novembre 2023 \u00e0 PIRIAC SUR MER (44)<\/span> <\/p>\n\n\n\n<p><span style=\"color:#e4f1f6\" class=\"has-inline-color\">29 octobre 2023 \u00e0 PLOEUC L&rsquo;HERMITAGE (22)<\/span><\/p>\n\n\n\n<p><span style=\"color:#e4f1f6\" class=\"has-inline-color\">4 octobre 2023 \u00e0 LA CHEVROLI\u00c8RE (44)<\/span><\/p>\n\n\n\n<p><span style=\"color:#e4f1f6\" class=\"has-inline-color\">23 au 24 septembre 2023 \u00e0 ANGERS (49) \u00ab\u00a0Terra Botanica\u00a0\u00bb<\/span>  <em style=\"font-size: Revert;\"><span style=\"color:#e4f1f6\" class=\"has-inline-color\">avec Assahira production\u00a0\u00bb<\/span><\/em><\/p>\n\n\n\n<p><span style=\"color:#e4f1f6\" class=\"has-inline-color\">17 septembre 2023 \u00e0 INGRANDES (49) \u00ab\u00a0F\u00eate de la St Mathieu\u00a0\u00bb<\/span><\/p>\n\n\n\n<p><span style=\"color:#e4f1f6\" class=\"has-inline-color\">16 septembre 2023 \u00e0 ST MELAINE SUR AUBANCE (49)<\/span><\/p>\n\n\n\n<p><span style=\"color:#e4f1f6\" class=\"has-inline-color\">10 septembre 2023 \u00e0 LE MARILLAIS (49)<\/span><\/p>\n\n\n\n<p><span style=\"color:#e4f1f6\" class=\"has-inline-color\">9 septembre 2023 \u00e0 ANGERS (49) \u00ab\u00a0Festival Accroche coeur\u00a0\u00bb<\/span> <em style=\"font-size: Revert;\"><span style=\"color:#e4f1f6\" class=\"has-inline-color\">avec Assahira production<\/span><\/em><\/p>\n\n\n\n<p><span style=\"color:#e4f1f6\" class=\"has-inline-color\">3 septembre 2023 \u00e0 AVOINE (37) \u00ab\u00a0Un Dimanche \u00e0 la Campagne\u00a0\u00bb<\/span><\/p>\n\n\n\n<p><span style=\"color:#e4f1f6\" class=\"has-inline-color\">29 Ao\u00fbt 2023 PRUILL\u00c9 (49) <\/span><\/p>\n\n\n\n<p><span style=\"color:#e4f1f6\" class=\"has-inline-color\">25 Ao\u00fbt 2023 GENTOFTE (DANEMARK)<\/span> <span style=\"color:#e4f1f6\" class=\"has-inline-color\">\u00ab\u00a0Denmark\u2019s International Street Theatre Festivals\u00a0\u00bb<\/span> <em style=\"font-size: Revert;\"><span style=\"color:#e4f1f6\" class=\"has-inline-color\">avec Assahira production<\/span><\/em><\/p>\n\n\n\n<p><span style=\"color:#e4f1f6\" class=\"has-inline-color\">24 Ao\u00fbt 2023 VALBY-COPENHAGUE (DANEMARK)<\/span> <span style=\"color:#e4f1f6\" class=\"has-inline-color\">\u00ab\u00a0Denmark\u2019s International Street Theatre Festivals\u00a0\u00bb<\/span> <em style=\"font-size: Revert;\"><span style=\"color:#e4f1f6\" class=\"has-inline-color\">avec Assahira production<\/span><\/em><\/p>\n\n\n\n<p><span style=\"color:#e4f1f6\" class=\"has-inline-color\">23 Ao\u00fbt 2023 NYK\u00d8BING FALSTER (DANEMARK)<\/span> <span style=\"color:#e4f1f6\" class=\"has-inline-color\">\u00ab\u00a0Denmark\u2019s International Street Theatre Festivals\u00a0\u00bb<\/span> <em style=\"font-size: Revert;\"><span style=\"color:#e4f1f6\" class=\"has-inline-color\">avec Assahira production<\/span><\/em><\/p>\n\n\n\n<p><span style=\"color:#e4f1f6\" class=\"has-inline-color\"><span style=\"color:#e4f1f6\" class=\"has-inline-color\">22 Ao\u00fbt 2023 IKAST (DANEMARK)<\/span> <span style=\"color:#e4f1f6\" class=\"has-inline-color\">\u00ab\u00a0Denmark\u2019s International Street Theatre Festivals\u00a0\u00bb<\/span> <em style=\"font-size: Revert;\"><span style=\"color:#e4f1f6\" class=\"has-inline-color\">avec Assahira production<\/span><\/em><\/span><\/p>\n\n\n\n<p><span style=\"color:#e4f1f6\" class=\"has-inline-color\">20 Ao\u00fbt 2023 SILKEBORG (DANEMARK)<\/span> <span style=\"color:#e4f1f6\" class=\"has-inline-color\">\u00ab\u00a0Denmark\u2019s International Street Theatre Festivals\u00a0\u00bb<\/span> <em style=\"font-size: Revert;\"><span style=\"color:#e4f1f6\" class=\"has-inline-color\">avec Assahira production<\/span><\/em><\/p>\n\n\n\n<p><span style=\"color:#e4f1f6\" class=\"has-inline-color\">19 Ao\u00fbt 2023 RANDERS (DANEMARK)<\/span> <span style=\"color:#e4f1f6\" class=\"has-inline-color\">\u00ab\u00a0Denmark\u2019s International Street Theatre Festivals\u00a0\u00bb<\/span> <em style=\"font-size: Revert;\"><span style=\"color:#e4f1f6\" class=\"has-inline-color\">avec Assahira production<\/span><\/em><\/p>\n\n\n\n<p><span style=\"color:#e4f1f6\" class=\"has-inline-color\">18 Ao\u00fbt 2023 ESBJERG (DANEMARK)<\/span> <span style=\"color:#e4f1f6\" class=\"has-inline-color\">\u00ab\u00a0Denmark\u2019s International Street Theatre Festivals\u00a0\u00bb<\/span> <em style=\"font-size: Revert;\"><span style=\"color:#e4f1f6\" class=\"has-inline-color\">avec Assahira production<\/span><\/em><\/p>\n\n\n\n<p><span style=\"color:#e4f1f6\" class=\"has-inline-color\">17 Ao\u00fbt 2023 AABENRAA (DANEMARK) \u00ab\u00a0Denmark\u2019s International Street Theatre Festivals\u00a0\u00bb<\/span> <em style=\"font-size: Revert;\"><span style=\"color:#e4f1f6\" class=\"has-inline-color\">avec Assahira production<\/span> <\/em><\/p>\n\n\n\n<p><span style=\"color:#e4f1f6\" class=\"has-inline-color\">du 4 au 6 ao\u00fbt 2023 \u00e0 PAIMPOL (22) Festival du Chant de marin<\/span> <em style=\"font-size: Revert;\"><span style=\"color:#e4f1f6\" class=\"has-inline-color\">avec Assahira production<\/span> <\/em><\/p>\n\n\n\n<p><span style=\"color:#e4f1f6\" class=\"has-inline-color\">du 14 au 16 juillet 2023 \u00e0 ANGERS (49) \u00ab\u00a0Terra Botanica\u00a0\u00bb<\/span> <em style=\"font-size: Revert;\"><span style=\"color:#e4f1f6\" class=\"has-inline-color\">avec Assahira production<\/span> <\/em><\/p>\n\n\n\n<p><span style=\"color:#e4f1f6\" class=\"has-inline-color\">13 juillet 2023 \u00e0 DOU\u00c9 LA FONTAINE (49) \u00ab\u00a0Journ\u00e9es de la Rose\u00a0\u00bb<\/span><\/p>\n\n\n\n<p><span style=\"color:#e4f1f6\" class=\"has-inline-color\">12 juillet 2023 \u00e0 CR\u00c9TEIL (94) <em style=\"font-size: Revert;\"><span style=\"color:#e4f1f6\" class=\"has-inline-color\">avec Assahira production<\/span> <\/em><\/span><\/p>\n\n\n\n<p><span style=\"color:#e4f1f6\" class=\"has-inline-color\">9 juillet 2023 \u00e0 LIGN\u00c9 (44) \u00ab\u00a0F\u00eate du Mouton\u00a0\u00bb<\/span><\/p>\n\n\n\n<p><span style=\"color:#e4f1f6\" class=\"has-inline-color\">8 juillet \u00e0 BELLEVIGNY (85) <\/span><\/p>\n\n\n\n<p><span style=\"color:#e4f1f6\" class=\"has-inline-color\">8 juillet \u00e0 ST COLOMBAN (44) \u00ab\u00a0Festival M\u00e9gasc\u00e8ne\u00a0\u00bb<\/span><\/p>\n\n\n\n<p><span style=\"color:#e4f1f6\" class=\"has-inline-color\">7 juillet 2023 \u00e0 ST NAZAIRE (44) \u00ab\u00a0Tintamarre et Charivari\u00a0\u00bb<\/span><\/p>\n\n\n\n<p><span style=\"color:#e4f1f6\" class=\"has-inline-color\">4 juillet \u00e0 ROUANS  (44) <\/span><\/p>\n\n\n\n<p><span style=\"color:#e4f1f6\" class=\"has-inline-color\">27 juin 2023 \u00e0 VERTOU (44) \u00ab\u00a0F\u00eate de la musique\u00a0\u00bb<\/span><\/p>\n\n\n\n<p><span style=\"color:#e4f1f6\" class=\"has-inline-color\">24 juin 2023 \u00e0 PONTCH\u00c2TEAU (44) \u00ab\u00a0F\u00eate de la musique\u00a0\u00bb<\/span><\/p>\n\n\n\n<p><span style=\"color:#e4f1f6\" class=\"has-inline-color\">20 juin 2023 \u00e0 SARTROUVILLE (78)<\/span><\/p>\n\n\n\n<p><span style=\"color:#e4f1f6\" class=\"has-inline-color\">11 juin 2023 \u00e0 ARTANNES SUR INDRE (37) Bazarpride<\/span><\/p>\n\n\n\n<p><span style=\"color:#e4f1f6\" class=\"has-inline-color\">3 juin 2023 \u00e0 LISIEUX (14)<\/span> <span style=\"color:#e4f1f6\" class=\"has-inline-color\">\u00ab\u00a0Le Printemps de l&rsquo;environnement\u00a0\u00bb<\/span> <em style=\"font-size: Revert;\"><span style=\"color:#e4f1f6\" class=\"has-inline-color\">avec Assahira production<\/span> <\/em><\/p>\n\n\n\n<p><span style=\"color:#e4f1f6\" class=\"has-inline-color\">29 mai 2023 \u00e0 WILTZ (Luxembourg) <\/span> <em style=\"font-size: Revert;\"><span style=\"color:#e4f1f6\" class=\"has-inline-color\">avec Assahira production<\/span> <\/em><\/p>\n\n\n\n<p><span style=\"color:#e4f1f6\" class=\"has-inline-color\">7 mai 2023 \u00e0 AVRILL\u00c9 (49) 0&prime; Grand air<\/span><\/p>\n\n\n\n<p><span style=\"color:#e4f1f6\" class=\"has-inline-color\">du 30 avril au 1ier mai 2023 \u00e0 ANGERS (49) \u00ab\u00a0Terra Botanica\u00a0\u00bb<\/span> <em style=\"font-size: Revert;\"><span style=\"color:#e4f1f6\" class=\"has-inline-color\">avec Assahira production<\/span> <\/em><\/p>\n\n\n\n<p><span style=\"color:#e4f1f6\" class=\"has-inline-color\">9 avril 2023 \u00e0 CHANG\u00c9 (72)) Arche de la Nature<\/span><em style=\"font-size: Revert;\"> <\/em><\/p>\n\n\n\n<p><span style=\"color:#e4f1f6\" class=\"has-inline-color\">2 avril 2023 \u00e0 CANTENAY-EPINARD (49) Carnaval<\/span><em style=\"font-size: Revert;\"> <\/em><\/p>\n\n\n\n<p><span style=\"color:#e4f1f6\" class=\"has-inline-color\">31 mars 2023 \u00e0 LANNION (22) Carnaval<\/span><em style=\"font-size: Revert;\"> <\/em><\/p>\n\n\n\n<p><span style=\"color:#e4f1f6\" class=\"has-inline-color\">25 mars 2023 \u00e0 BOUFFEMONT (95) Carnaval<\/span><em style=\"font-size: Revert;\"> <\/em><\/p>\n\n\n\n<p><span style=\"color:#e4f1f6\" class=\"has-inline-color\">19 mars 2023 \u00e0 BOUGUENAIS (44) Carnaval<\/span><em style=\"font-size: Revert;\"> <\/em><\/p>\n\n\n\n<p><span style=\"color:#e4f1f6\" class=\"has-inline-color\">4 mars 2023 \u00e0 VIHIERS (49) Carnaval<\/span><em style=\"font-size: Revert;\"> <\/em><\/p>\n\n\n\n<p><span style=\"color:#e4f1f6\" class=\"has-inline-color\">23 f\u00e9vrier 2023 \u00e0 CHAUMONT SUR THARONNE (41) <\/span><\/p>\n\n\n\n<p class=\"has-luminous-vivid-orange-color has-text-color\" style=\"font-size:18px\"><span class=\"has-inline-color has-luminous-vivid-orange-color\">2022<\/span><\/p>\n\n\n\n<ul class=\"wp-block-list\">\n<li><span style=\"color:#e4f1f6\" class=\"has-inline-color\">18 d\u00e9cembre 2022 \u00e0 FONTENAY LE COMTE (85)<\/span><\/li>\n\n\n\n<li><span style=\"color:#e4f1f6\" class=\"has-inline-color\">17 d\u00e9cembre 2022 \u00e0 BIDART (64)<\/span><\/li>\n\n\n\n<li><span style=\"color:#e4f1f6\" class=\"has-inline-color\">14 d\u00e9cembre 2022 \u00e0 REZ\u00c9 (44) place Fran\u00e7ois Mitterand<\/span> <\/li>\n\n\n\n<li><span style=\"color:#e4f1f6\" class=\"has-inline-color\">10 d\u00e9cembre 2022 \u00e0 NIORT (79) centre ville<\/span><\/li>\n\n\n\n<li><span style=\"color:#e4f1f6\" class=\"has-inline-color\">4 d\u00e9cembre 2022 \u00e0 SAINT NAZAIRE (44) March\u00e9 de No\u00ebl de l&rsquo;immacul\u00e9e<\/span><\/li>\n\n\n\n<li><span style=\"color:#e4f1f6\" class=\"has-inline-color\">3 d\u00e9cembre 2022 aux HERBIERS (85) Parade de No\u00ebl<\/span><\/li>\n\n\n\n<li><span style=\"color:#e4f1f6\" class=\"has-inline-color\">20 novembre 2022 \u00e0 BAYEUX (14) \u00ab\u00a0Village de la R\u00e9cup'\u00a0\u00bb<em>avec Assahira production<\/em><\/span><\/li>\n\n\n\n<li><span style=\"color:#e4f1f6\" class=\"has-inline-color\">29 octobre 2022 \u00e0 ALEN\u00c7ON (61) <em>avec Assahira production<\/em><\/span><\/li>\n\n\n\n<li><span style=\"color:#e4f1f6\" class=\"has-inline-color\">24 et 25 septembre 2022 \u00e0 ST AIGNAN DE&nbsp;GRAND&nbsp;LIEU&nbsp;(44)&nbsp;\u00ab\u00a0Festifolies\u00a0\u00bb<\/span><\/li>\n\n\n\n<li><span style=\"color:#e4f1f6\" class=\"has-inline-color\">18 septembre 2022 \u00e0 PARIS (75) \u00a0\u00bb Mus\u00e9e de l&rsquo;homme \u00ab\u00a0<\/span> <span style=\"color:#e4f1f6\" class=\"has-inline-color\">a<em>vec Assahira production<\/em><\/span><\/li>\n\n\n\n<li><span style=\"color:#e4f1f6\" class=\"has-inline-color\">17 septembre 2022 \u00e0 LA CH\u00c2TAIGNERAIE (85) \u00a0\u00bb Vend\u00e9th\u00e8que L\u2019Arantelle \u00ab\u00a0<\/span><\/li>\n\n\n\n<li><span style=\"color:#e4f1f6\" class=\"has-inline-color\">10 septembre 2022 \u00e0 BIELLE (64) \u00ab\u00a0Festival du Pic Vert\u00a0\u00bb<\/span> <span style=\"color:#e4f1f6\" class=\"has-inline-color\">a<em>vec Assahira production<\/em><\/span><\/li>\n\n\n\n<li><span style=\"color:#e4f1f6\" class=\"has-inline-color\">4 septembre 2022 \u00e0 FORGES (49) \u00ab\u00a0Festival Tout Feu Tout Flamme\u00a0\u00bb<\/span> <\/li>\n\n\n\n<li><span style=\"color:#e4f1f6\" class=\"has-inline-color\">3 septembre 2022 \u00e0 TREILLIERES (44)<\/span><\/li>\n\n\n\n<li><span style=\"color:#e4f1f6\" class=\"has-inline-color\">27 et 28 ao\u00fbt 2022 \u00e0 METZ (49) \u00ab\u00a0F\u00eate de la Mirabelle\u00a0\u00bb<\/span> <span style=\"color:#e4f1f6\" class=\"has-inline-color\"><em>avec Assahira production<\/em><\/span><\/li>\n\n\n\n<li><span style=\"color:#e4f1f6\" class=\"has-inline-color\">21 ao\u00fbt 2022 \u00e0 MONTJEAN SUR LOIRE (49)<\/span><\/li>\n<\/ul>\n\n\n\n<ul class=\"wp-block-list\">\n<li><span style=\"color:#e4f1f6\" class=\"has-inline-color\">14 et 15 ao\u00fbt 2022 \u00e0 ANGERS (49) \u00ab\u00a0Terra Botanica\u00a0\u00bb&nbsp;<em>avec Assahira production<\/em><\/span><\/li>\n\n\n\n<li><span style=\"color:#e4f1f6\" class=\"has-inline-color\">13 ao\u00fbt 2022 \u00e0 CHINON (37)<\/span><\/li>\n<\/ul>\n\n\n\n<ul class=\"wp-block-list\">\n<li><span style=\"color:#e4f1f6\" class=\"has-inline-color\">10 ao\u00fbt 2022 \u00e0 LA TURBALLE (44)<\/span><\/li>\n\n\n\n<li><span style=\"color:#e4f1f6\" class=\"has-inline-color\">7 ao\u00fbt 2022 \u00e0 DAMVIX (85)<\/span><\/li>\n<\/ul>\n\n\n\n<ul class=\"wp-block-list\">\n<li>&nbsp;<span style=\"color:#e4f1f6\" class=\"has-inline-color\">6 ao\u00fbt 2022 \u00e0 PLUNERET (56)&nbsp;\u00ab\u00a0la Fest&rsquo;ive Musicale\u00a0\u00bb<em>avec Assahira production<\/em><\/span><\/li>\n\n\n\n<li><span style=\"color:#e4f1f6\" class=\"has-inline-color\">23 juillet 2022 \u00e0 BOIS DE C\u00c9N\u00c9 (85) \u00a0\u00bb La N&rsquo;Yola\u00eee \u00ab\u00a0<\/span><\/li>\n\n\n\n<li><span style=\"color:#e4f1f6\" class=\"has-inline-color\">20 juillet 2022 \u00e0 NANTES (44) <\/span><\/li>\n\n\n\n<li><span style=\"color:#e4f1f6\" class=\"has-inline-color\">15 et 16 juillet 2022 \u00e0 KAISERSLAUTERN (ALLEMAGNE)<em> Festival \u00ab\u00a0Alles muss raus\u00a0\u00bb avec Assahira production<\/em><\/span><\/li>\n\n\n\n<li><span style=\"color:#e4f1f6\" class=\"has-inline-color\">14 juillet 2022 \u00e0 ANGERS (49)<\/span> <span style=\"color:#e4f1f6\" class=\"has-inline-color\">\u00ab\u00a0Terra Botanica\u00a0\u00bb<em> avec Assahira production<\/em><\/span><\/li>\n\n\n\n<li><span style=\"color:#e4f1f6\" class=\"has-inline-color\">10 juillet 2022 \u00e0 MALVILLE (44)<\/span> <span style=\"color:#e4f1f6\" class=\"has-inline-color\">a<em>vec Assahira production<\/em><\/span><\/li>\n\n\n\n<li><span style=\"color:#e4f1f6\" class=\"has-inline-color\">21  juin 2022 \u00e0 COU\u00cbRON (44) <\/span><\/li>\n<\/ul>\n\n\n\n<ul class=\"wp-block-list\">\n<li><span style=\"color:#e4f1f6\" class=\"has-inline-color\">17 juin 2022 \u00e0 POUZEAUGES (85) \u00ab\u00a0F\u00eate de la musique\u00a0\u00bb<\/span><\/li>\n<\/ul>\n\n\n\n<ul class=\"wp-block-list\">\n<li><span style=\"color:#e4f1f6\" class=\"has-inline-color\">5 juin 2022 \u00e0 ANGERS (49) \u00ab\u00a0Terra Botanica\u00a0\u00bb&nbsp;<em>avec Assahira production<\/em><\/span><\/li>\n<\/ul>\n\n\n\n<ul class=\"wp-block-list\">\n<li>&nbsp;<span style=\"color:#e4f1f6\" class=\"has-inline-color\">3 juin 2022 \u00e0 PORNICHET (44)<\/span><\/li>\n<\/ul>\n\n\n\n<ul class=\"wp-block-list\">\n<li><span style=\"color:#e4f1f6\" class=\"has-inline-color\">21 et 22 mai 2022 \u00e0 MONTS (37)<em>avec Assahira production<\/em><\/span><\/li>\n<\/ul>\n\n\n\n<ul class=\"wp-block-list\">\n<li><span style=\"color:#e4f1f6\" class=\"has-inline-color\">14 mai 2022 \u00e0 BOUAYE (44) \u00ab\u00a0Festival Le H\u00e9ron Voyageur<\/span><\/li>\n\n\n\n<li><span style=\"color:#e4f1f6\" class=\"has-inline-color\">8 mai 2022 \u00e0 DANG\u00c8 SAINT ROMAIN (86)<\/span> <span style=\"color:#e4f1f6\" class=\"has-inline-color\"><em>avec Assahira production<\/em><\/span><\/li>\n<\/ul>\n\n\n\n<ul class=\"wp-block-list\">\n<li><span style=\"color:#e4f1f6\" class=\"has-inline-color\">1ier mai 2022 \u00e0 BOURGNEUF EN MAUGES (49)&nbsp;\u00ab\u00a0f\u00eate du village\u00a0\u00bb&nbsp;<\/span><\/li>\n\n\n\n<li><span style=\"color:#e4f1f6\" class=\"has-inline-color\">30 avril 2022 \u00e0 CAND\u00c9 (49)&nbsp;\u00ab\u00a0fCarnaval de nuit\u00a0\u00bb&nbsp;<\/span><\/li>\n\n\n\n<li><span style=\"color:#e4f1f6\" class=\"has-inline-color\">16 et 17 avril 2022 \u00e0 ST DENIS (93) \u00ab\u00a0F\u00eate des Tulipes\u00a0\u00bb<\/span> <span style=\"color:#e4f1f6\" class=\"has-inline-color\"><em>avec Assahira production<\/em><\/span><\/li>\n<\/ul>\n\n\n\n<ul class=\"wp-block-list\">\n<li><span style=\"color:#e4f1f6\" class=\"has-inline-color\">2 avril 2022 \u00e0 ANGERS (49) \u00ab\u00a0Terra Botanica\u00a0\u00bb&nbsp;<em>avec Assahira production<\/em><\/span><\/li>\n<\/ul>\n\n\n\n<ul class=\"wp-block-list\">\n<li><span style=\"color:#e4f1f6\" class=\"has-inline-color\">26 mars 2022 \u00e0 PONT DE CLAIX (38)&nbsp;<em>avec Assahira production<\/em><\/span><\/li>\n<\/ul>\n\n\n\n<ul class=\"wp-block-list\">\n<li><span style=\"color:#e4f1f6\" class=\"has-inline-color\">18 mars 2022 \u00e0 SAINT GILLES CROIX DE VIE (85)&nbsp;\u00ab\u00a0Carnaval des \u00e9coles\u00a0\u00bb&nbsp;<\/span><\/li>\n<\/ul>\n\n\n\n<ul class=\"wp-block-list\">\n<li><span style=\"color:#e4f1f6\" class=\"has-inline-color\">13 mars 2022 \u00e0 ARGENTON L&rsquo;EGLISE (79) \u00ab\u00a0Foire aux ch\u2019arts-rues\u00a0\u00bb<\/span><\/li>\n<\/ul>\n\n\n\n<ul class=\"wp-block-list\">\n<li><span style=\"color:#e4f1f6\" class=\"has-inline-color\">5 mars 2022 \u00e0 LES ULIS (91)&nbsp;<em>avec Assahira production<\/em><\/span><\/li>\n<\/ul>\n\n\n\n<p><\/p>\n\n\n\n<p><span class=\"has-inline-color has-luminous-vivid-orange-color\">2021<\/span><\/p>\n\n\n\n<p><\/p>\n\n\n\n<ul class=\"wp-block-list has-normal-font-size\">\n<li><span style=\"color:#e4f1f6\" class=\"has-inline-color\">18 d\u00e9cembre 2021 \u00e0 NANTES (44)<\/span> <span style=\"color:#e4f1f6\" class=\"has-inline-color\">\u00ab\u00a0M.Q. de l&rsquo;\u00cele\u00a0\u00bb<\/span> <\/li>\n\n\n\n<li><span style=\"color:#e4f1f6\" class=\"has-inline-color\">12 <\/span> <span style=\"color:#e4f1f6\" class=\"has-inline-color\">d\u00e9cembre 2021 \u00e0 VIX (85)<\/span> <span style=\"color:#e4f1f6\" class=\"has-inline-color\">\u00ab\u00a0March\u00e9 de No\u00ebl\u00a0\u00bb<\/span><\/li>\n\n\n\n<li><span style=\"color:#e4f1f6\" class=\"has-inline-color\">11 <\/span> <span style=\"color:#e4f1f6\" class=\"has-inline-color\">d\u00e9cembre 2021 \u00e0 ANGERS (49)<\/span> <span style=\"color:#e4f1f6\" class=\"has-inline-color\">\u00ab\u00a0M.Q. St Aubin\u00a0\u00bb<\/span><\/li>\n\n\n\n<li><span style=\"color:#e4f1f6\" class=\"has-inline-color\">5 d\u00e9cembre 2021 \u00e0 SAINT JEAN DE BRAYE (45)<\/span> <span style=\"color:#e4f1f6\" class=\"has-inline-color\">\u00ab\u00a0March\u00e9 de No\u00ebl\u00a0\u00bb<\/span><\/li>\n\n\n\n<li><span style=\"color:#e4f1f6\" class=\"has-inline-color\">4 d\u00e9cembre 2021 \u00e0 VIGNEUX DE BRETAGNE (44) \u00ab\u00a0March\u00e9 de No\u00ebl\u00a0\u00bb<\/span><\/li>\n\n\n\n<li><span style=\"color:#e4f1f6\" class=\"has-inline-color\">20 novembre 2021 \u00e0 BLAIN (44)<\/span><\/li>\n\n\n\n<li><span style=\"color:#e4f1f6\" class=\"has-inline-color\">24 octobre 2021 \u00e0 VAY (44)<\/span> <span style=\"color:#e4f1f6\" class=\"has-inline-color\">\u00ab\u00a0Festival Graines d&rsquo;automne\u00a0\u00bb<\/span><\/li>\n\n\n\n<li><span style=\"color:#e4f1f6\" class=\"has-inline-color\">23 octobre 2021 \u00e0 ALEN\u00c7ON (61)<\/span><\/li>\n\n\n\n<li><span style=\"color:#e4f1f6\" class=\"has-inline-color\">16 octobre 2021 \u00e0 ST M\u00cbME LE TENU (44) \u00ab\u00a0Paysages, escapade locale en Pays de Retz\u00a0\u00bb<\/span><\/li>\n\n\n\n<li><span style=\"color:#e4f1f6\" class=\"has-inline-color\">3 octobre 2021 \u00e0 HOUILLES (78) \u00ab\u00a0Brocante\u00a0\u00bb<\/span><\/li>\n\n\n\n<li><span style=\"color:#e4f1f6\" class=\"has-inline-color\">2 octobre 2021 \u00e0 CHALLUY (58) \u00ab\u00a0Brocante\u00a0\u00bb <\/span><em><span style=\"color:#e4f1f6\" class=\"has-inline-color\">avec Assahira production<\/span> <\/em><\/li>\n\n\n\n<li><span style=\"color:#e4f1f6\" class=\"has-inline-color\">25 et 26 septembre 2021 \u00e0 ST AIGNAN DE GRAND LIEU (44) \u00a0\u00bb Festifolies d\u2019automne \u00ab\u00a0<\/span> <span class=\"has-inline-color has-cyan-bluish-gray-color\">ANNUL\u00c9<\/span><\/li>\n\n\n\n<li><span style=\"color:#e4f1f6\" class=\"has-inline-color\">25 septembre 2021 \u00e0 BATZ SUR MER (44)<\/span>  <span style=\"color:#e4f1f6\" class=\"has-inline-color\">\u00ab\u00a0La Semaine du climat\u00a0\u00bb<\/span><\/li>\n\n\n\n<li><span style=\"color:#e4f1f6\" class=\"has-inline-color\">18 septembre 2021 \u00e0 LA PLAINE SUR MER (44) \u00ab\u00a0journ\u00e9e mondiale du nettoyage de la plan\u00e8te\u00a0\u00bb<\/span><\/li>\n\n\n\n<li><span style=\"color:#e4f1f6\" class=\"has-inline-color\">17 septembre 2021 \u00e0 GORGES (44) EHPAD \u00ab\u00a0Le bon vieux temps\u00a0\u00bb<\/span><\/li>\n\n\n\n<li><span style=\"color:#e4f1f6\" class=\"has-inline-color\">11 et 12 septembre 2021 \u00e0 ANGERS (44) \u00ab\u00a0Terra Botanica\u00a0\u00bb<\/span> <em><span style=\"color:#e4f1f6\" class=\"has-inline-color\">avec Assahira production<\/span> <\/em><\/li>\n\n\n\n<li><span style=\"color:#e4f1f6\" class=\"has-inline-color\">4 septembre 2021 \u00e0 ST HERBLAIN (44) \u00ab\u00a0F\u00eate quartier Bellevue\u00a0\u00bb<\/span><\/li>\n\n\n\n<li><span style=\"color:#e4f1f6\" class=\"has-inline-color\">27 ao\u00fbt 2021 \u00e0 POUZAUGES (85) \u00ab\u00a0F\u00eate de la musique\u00a0\u00bb<\/span><\/li>\n\n\n\n<li><span style=\"color:#e4f1f6\" class=\"has-inline-color\">13 ao\u00fbt 2021 \u00e0 GEX (01)<\/span> <em><span style=\"color:#e4f1f6\" class=\"has-inline-color\">avec Assahira production<\/span> <\/em><\/li>\n\n\n\n<li><span style=\"color:#e4f1f6\" class=\"has-inline-color\">du 13 au 15 ao\u00fbt 2021 \u00e0 PAIMPOL (22) \u00ab\u00a0Festival du Chant de marin\u00a0\u00bb<\/span> <em><span style=\"color:#e4f1f6\" class=\"has-inline-color\">avec Assahira production<\/span> <\/em><span class=\"has-inline-color has-cyan-bluish-gray-color\">ANNUL\u00c9<\/span><\/li>\n\n\n\n<li><span style=\"color:#e4f1f6\" class=\"has-inline-color\">23 juillet 2021 \u00e0 PAU (64) \u00ab\u00a0L&rsquo;\u00e9t\u00e9 \u00e0 Pau\u00a0\u00bb<\/span> <em><span style=\"color:#e4f1f6\" class=\"has-inline-color\">avec Assahira production<\/span> <\/em><\/li>\n\n\n\n<li><span style=\"color:#e4f1f6\" class=\"has-inline-color\">18 juillet 2021 \u00e0 GUYANCOURT (78)<\/span> <\/li>\n\n\n\n<li><span style=\"color:#e4f1f6\" class=\"has-inline-color\">15 juillet 2021 \u00e0 VERTOU (44) \u00ab\u00a0IME Val de S\u00e8vres\u00a0\u00bb<\/span><\/li>\n\n\n\n<li><span style=\"color:#e4f1f6\" class=\"has-inline-color\">14 juillet 2021 \u00e0 LA CHAUME (85)<\/span> <span style=\"color:#e4f1f6\" class=\"has-inline-color\">F\u00eate du 14 juillet<\/span><\/li>\n\n\n\n<li><span style=\"color:#e4f1f6\" class=\"has-inline-color\">10 juillet 2021 \u00e0 SAVONI\u00c8RE (37)<\/span> <em><span style=\"color:#e4f1f6\" class=\"has-inline-color\">avec Assahira production<\/span> <\/em><\/li>\n\n\n\n<li><span style=\"color:#e4f1f6\" class=\"has-inline-color\">8 et 9 juillet 2021 \u00e0 ST FLORENTIN (89) \u00ab\u00a0Festi&rsquo; Coccinelle\u00a0\u00bb<\/span> <em><span style=\"color:#e4f1f6\" class=\"has-inline-color\">avec Assahira production<\/span> <\/em><\/li>\n\n\n\n<li><span style=\"color:#e4f1f6\" class=\"has-inline-color\">3 juillet 2021 \u00e0 ORL\u00c9AN (45)<\/span> <span style=\"color:#e4f1f6\" class=\"has-inline-color\">\u00ab\u00a0village de la transition\u00a0\u00bb<\/span> <em><span style=\"color:#e4f1f6\" class=\"has-inline-color\">avec Assahira production<\/span> <\/em><\/li>\n\n\n\n<li><span style=\"color:#e4f1f6\" class=\"has-inline-color\">22 juin 2021 \u00e0 MACHECOUL (44) \u00ab\u00a0Ecole primaire Jacques-Yves Cousteau\u00a0\u00bb<\/span><\/li>\n\n\n\n<li><span style=\"color:#e4f1f6\" class=\"has-inline-color\">13 juin 2021 \u00e0 LISIEUX 14)<\/span> <span style=\"color:#e4f1f6\" class=\"has-inline-color\">Printemps de l&rsquo;environnement<\/span> <em><span style=\"color:#e4f1f6\" class=\"has-inline-color\">avec Assahira production<\/span> <\/em><\/li>\n\n\n\n<li><span style=\"color:#e4f1f6\" class=\"has-inline-color\">12 juin 2021 \u00e0 PERRIGNY (17)<\/span> <a href=\"#e4f1f6\"><span style=\"color:#e4f1f6\" class=\"has-inline-color\">Festival Notes en vert<\/span><\/a> <em><span style=\"color:#e4f1f6\" class=\"has-inline-color\">avec Assahira production<\/span> <\/em><span class=\"has-inline-color has-cyan-bluish-gray-color\">ANNUL\u00c9<\/span><\/li>\n\n\n\n<li><span style=\"color:#e4f1f6\" class=\"has-inline-color\">10 juin 2021 \u00e0 GENET(50) \u00ab\u00a0Randonn\u00e9e du Mt St Michel\u00a0\u00bb <\/span><span style=\"color:#60676c\" class=\"has-inline-color\"><em><span style=\"color:#e4f1f6\" class=\"has-inline-color\">avec Assahira production<\/span> <\/em> <\/span><span class=\"has-inline-color has-cyan-bluish-gray-color\">ANNUL\u00c9<\/span><\/li>\n\n\n\n<li><span style=\"color:#e4f1f6\" class=\"has-inline-color\">22 mai 2021 \u00e0 ANGERS (44) \u00ab\u00a0Terra Botanica\u00a0\u00bb<\/span> <em><span style=\"color:#e4f1f6\" class=\"has-inline-color\">avec Assahira production<\/span> <\/em><\/li>\n\n\n\n<li><span style=\"color:#e4f1f6\" class=\"has-inline-color\">15, 16, mai 2021 \u00e0 ANGERS (44) \u00ab\u00a0Terra Botanica\u00a0\u00bb<\/span> <em><span style=\"color:#e4f1f6\" class=\"has-inline-color\">avec Assahira production<\/span> <\/em><span class=\"has-inline-color has-cyan-bluish-gray-color\">ANNUL\u00c9<\/span><\/li>\n\n\n\n<li><span style=\"color:#e4f1f6\" class=\"has-inline-color\">8, 9 mai 2021 \u00e0 ANGERS (44) \u00ab\u00a0Terra Botanica\u00a0\u00bb<\/span> <em><span style=\"color:#e4f1f6\" class=\"has-inline-color\">avec Assahira production<\/span> <\/em><span class=\"has-inline-color has-cyan-bluish-gray-color\">ANNUL\u00c9<\/span><\/li>\n\n\n\n<li><span style=\"color:#e4f1f6\" class=\"has-inline-color\">10, 11, 17, 18 avril 2021 \u00e0 ANGERS (44) \u00ab\u00a0Terra Botanica\u00a0\u00bb<\/span><span style=\"color:#60676c\" class=\"has-inline-color\"> <em><span style=\"color:#e4f1f6\" class=\"has-inline-color\">avec Assahira production<\/span> <\/em> <\/span><span class=\"has-inline-color has-cyan-bluish-gray-color\">ANNUL\u00c9<\/span><\/li>\n\n\n\n<li><span style=\"color:#e4f1f6\" class=\"has-inline-color\">17 avril 2021 \u00e0 BOUAYE (44) \u00ab\u00a0Festival Le H\u00e9ron Voyageur\u00a0\u00bb<\/span><span style=\"color:#60676c\" class=\"has-inline-color\"> <\/span><span class=\"has-inline-color has-cyan-bluish-gray-color\">ANNUL\u00c9<\/span><\/li>\n<\/ul>\n\n\n\n<p class=\"has-luminous-vivid-orange-color has-text-color\" style=\"font-size:18px\">2020<\/p>\n\n\n\n<ul style=\"font-size:18px\" class=\"wp-block-list\">\n<li><span style=\"color:#dff0f7\" class=\"has-inline-color\">23 d\u00e9cembre 2020 \u00e0 VARS (05)<\/span> <em><span style=\"color:#e4f1f6\" class=\"has-inline-color\">avec Assahira production<\/span> <\/em><\/li>\n\n\n\n<li><span style=\"color:#dff0f7\" class=\"has-inline-color\">18 et 19 d\u00e9cembre 2020 \u00e0 LEON (ESPAGNE) <\/span><em><span style=\"color:#e4f1f6\" class=\"has-inline-color\">avec Assahira production<\/span> <\/em>ANNUL\u00c9<\/li>\n\n\n\n<li><span style=\"color:#dff0f7\" class=\"has-inline-color\">20 et 21 novembre 2020 \u00e0 NANCY (54) \u00ab\u00a0<\/span> ANNULE<\/li>\n\n\n\n<li><span style=\"color:#dff0f7\" class=\"has-inline-color\">3 octobre 2020 \u00e0 Nantes (44) \u00ab\u00a0F\u00eate du quartier Bellevue\u00a0\u00bb<\/span> <span style=\"color:#737c80\" class=\"has-inline-color\">ANNULE<\/span><\/li>\n\n\n\n<li><span style=\"color:#dff0f7\" class=\"has-inline-color\">26 et 27 septembre 2020 \u00e0 ST AIGNAN DE GRAND LIEU (44) \u00a0\u00bb Festifolies d\u2019automne \u00ab\u00a0<\/span> ANNULE<\/li>\n\n\n\n<li><span style=\"color:#dff0f7\" class=\"has-inline-color\">19 septembre 2020 \u00e0 NOIRMOUTIERS EN L\u2019\u00ceLE (85) \u00a0\u00bb Le Village des 3 R \u00ab\u00a0<\/span><\/li>\n\n\n\n<li><span style=\"color:#dff0f7\" class=\"has-inline-color\">12 septembre 2020 \u00e0 MONTCUQ (46) Festival \u00ab\u00a0la rue des Enfants\u00a0\u00bb<\/span><\/li>\n\n\n\n<li><span style=\"color:#dff0f7\" class=\"has-inline-color\">15 ao\u00fbt 2020 \u00e0 ARGENTAN (61) \u00ab\u00a0Festival les Arts J&rsquo;entends\u00a0\u00bb<\/span><\/li>\n\n\n\n<li><span style=\"color:#dff0f7\" class=\"has-inline-color\">1ier ao\u00fbt 2020 \u00e0 PLUNERET (56) \u00ab\u00a0F&rsquo;estive Musical\u00a0\u00bb<\/span>  <em><span style=\"color:#e4f1f6\" class=\"has-inline-color\">avec Assahira production<\/span> <\/em>ANNULE<\/li>\n\n\n\n<li><span style=\"color:#dff0f7\" class=\"has-inline-color\">25 juillet 2020 \u00e0 Bois de C\u00e9n\u00e9 (85) \u00a0\u00bb Randonn\u00e9e \u00ab\u00a0<\/span> ANNULE<\/li>\n\n\n\n<li><span style=\"color:#dff0f7\" class=\"has-inline-color\">20 juillet 2020 \u00e0 Sallertaine (85) \u00a0\u00bb Nocturnes de Sallertaine \u00ab\u00a0<\/span> ANNULE<\/li>\n\n\n\n<li><span style=\"color:#dff0f7\" class=\"has-inline-color\">20 juin 2020 \u00e0 SAINT JEAN DE MONT (85) \u00ab\u00a0F\u00eate de la St Jean\u00a0\u00bb<\/span> ANNULE<\/li>\n\n\n\n<li><span style=\"color:#dff0f7\" class=\"has-inline-color\">19 juin 2020 \u00e0 Ch\u00e2teau Th\u00e9baud (44) \u00ab\u00a0Inauguration de site \u00e9tape du Voyage \u00e0 Nantes\u00a0\u00bb<\/span> ANNULE<\/li>\n\n\n\n<li><span style=\"color:#dff0f7\" class=\"has-inline-color\">13 juin 2020 \u00e0 PERIGNY (17) \u00ab\u00a0Festival notes en vert\u00a0\u00bb<\/span> <em><span style=\"color:#e4f1f6\" class=\"has-inline-color\">avec Assahira production<\/span> <\/em>ANNULE<\/li>\n\n\n\n<li><span style=\"color:#dff0f7\" class=\"has-inline-color\">5 juin 2020 \u00e0 PORNICHET (44) \u00ab\u00a0F\u00eate des Multi-accueils\u00a0\u00bb<\/span> ANNULE<\/li>\n\n\n\n<li><span style=\"color:#dff0f7\" class=\"has-inline-color\">4 juin 2020 \u00e0 GENET (50) \u00ab\u00a0Randonn\u00e9e du Mt St Michel\u00a0\u00bb&nbsp;<\/span><em><span style=\"color:#e4f1f6\" class=\"has-inline-color\">avec Assahira production<\/span> <\/em>ANNULE<\/li>\n\n\n\n<li><span style=\"color:#dff0f7\" class=\"has-inline-color\">29 mai 2020 \u00e0 MARMANDE (47)&nbsp;<\/span><em><span style=\"color:#e4f1f6\" class=\"has-inline-color\">avec Assahira production<\/span> <\/em>ANNULE<\/li>\n\n\n\n<li><span style=\"color:#dff0f7\" class=\"has-inline-color\">24 mai 2020 \u00e0 SAINT CYR DES G\u00c2TS (85) \u00ab\u00a0F\u00eate de Moulin Pigeon\u00a0\u00bb&nbsp;<\/span>ANNULE<\/li>\n\n\n\n<li><span style=\"color:#dff0f7\" class=\"has-inline-color\">1ier mai 2020 \u00e0 BOURGNEUF EN MAUGES (49) \u00ab\u00a0f\u00eate du village\u00a0\u00bb&nbsp;<\/span> ANNULE<\/li>\n\n\n\n<li><span style=\"color:#dff0f7\" class=\"has-inline-color\">18 et 19 avrili 2020 \u00e0 ST DENIS (93) \u00ab\u00a0F\u00eate des Tulipes\u00a0\u00bb&nbsp;<\/span><em><span style=\"color:#e4f1f6\" class=\"has-inline-color\">avec Assahira production<\/span> <\/em>ANNULE<\/li>\n\n\n\n<li><span style=\"color:#dff0f7\" class=\"has-inline-color\">28 mars 2020 \u00e0 B\u00c8GLES (33) \u00ab\u00a0Carnaval et F\u00eate de la Morue\u00a0\u00bb&nbsp;<\/span> ANNULE<\/li>\n<\/ul>\n\n\n\n<p class=\"has-luminous-vivid-orange-color has-text-color\" style=\"font-size:18px\">2019<\/p>\n\n\n\n<ul style=\"font-size:18px\" class=\"wp-block-list\">\n<li><span style=\"color:#e2f3fa\" class=\"has-inline-color\">du 19 au 22 d\u00e9cembre 2019 \u00e0 CHIAYI (TA\u00cfWAN)<\/span><\/li>\n\n\n\n<li><span style=\"color:#e2f3fa\" class=\"has-inline-color\">17 d\u00e9cembre 2019 \u00e0 MONTOIR DE BRETAGNE (44) \u00ab\u00a0Parade de No\u00ebl\u00a0\u00bb<\/span><\/li>\n\n\n\n<li><span style=\"color:#e2f3fa\" class=\"has-inline-color\">14 d\u00e9cembre 2019 \u00e0 PLUNERET (56)<\/span><\/li>\n\n\n\n<li><span style=\"color:#e2f3fa\" class=\"has-inline-color\">1ier d\u00e9cembre 2019 \u00e0 POUZAUGES (85) \u00ab\u00a0Festival des Solidarit\u00e9s (Forum de la Transition \u00e9cologique)\u00a0\u00bb<\/span><\/li>\n\n\n\n<li><span style=\"color:#e2f3fa\" class=\"has-inline-color\">23 novembre 2019 \u00e0 MONTJEAN SUR LOIRE (49) \u00ab\u00a0rEcole de musique\u00a0\u00bb<\/span><\/li>\n\n\n\n<li><span style=\"color:#e2f3fa\" class=\"has-inline-color\">16 novembre 2019 \u00e0 MONNIERES (44) \u00ab\u00a0village des r\u00e9cuper\u2019acteurs du vignoble nantais\u00a0\u00bb Apr\u00e8s midi<\/span><\/li>\n\n\n\n<li><span style=\"color:#e2f3fa\" class=\"has-inline-color\">16 novembre 2019 \u00e0 NOZAY(44) \u00ab\u00a0Expo Bassima\u00a0\u00bb Matin\u00e9e<\/span><\/li>\n\n\n\n<li><span style=\"color:#e2f3fa\" class=\"has-inline-color\">6 novembre 2019 \u00e0 NANTES (44) \u00ab\u00a0Bioregio interegg europe 6th event in Nantes \u00a0\u00bb (sous les Nefs)<\/span><\/li>\n\n\n\n<li><span style=\"color:#e2f3fa\" class=\"has-inline-color\">19 octobre 2019 \u00e0 LES HERBIERS (85) \u00ab\u00a0Chrono des Herbiers\u00a0\u00bb<\/span><\/li>\n\n\n\n<li><span style=\"color:#e2f3fa\" class=\"has-inline-color\">6 octobre 2019 \u00e0 HOUILLES (78) \u00ab\u00a0Brocante\u00a0\u00bb<\/span><\/li>\n\n\n\n<li><span style=\"color:#e2f3fa\" class=\"has-inline-color\">29 septembre 2019 \u00e0 SPRIMONT (Belgique)<\/span><\/li>\n\n\n\n<li><span style=\"color:#e2f3fa\" class=\"has-inline-color\">Du 21 au 27 septembre 2019 Tourn\u00e9e COLOMBIE (Medelin, Manizales)<\/span><\/li>\n\n\n\n<li><span style=\"color:#e2f3fa\" class=\"has-inline-color\">15 septembre 2019 au HAVRE (76)<\/span><\/li>\n\n\n\n<li><span style=\"color:#e2f3fa\" class=\"has-inline-color\">14 septembre 2019 \u00e0 LIGUEIL (37)<\/span><\/li>\n\n\n\n<li><span style=\"color:#e2f3fa\" class=\"has-inline-color\">31 ao\u00fbt et 1ier septembre 2019 \u00e0 ALEN\u00c7ON (61) \u00ab\u00a0Fanfarenfolies\u00a0\u00bb<\/span><\/li>\n\n\n\n<li><span style=\"color:#e2f3fa\" class=\"has-inline-color\">03 ao\u00fbt 2019 \u00e0 LA CHAIZE GIRAUD (85) Festival \u00ab\u00a0Rues en Sc\u00e8ne\u00a0\u00bb<\/span><\/li>\n\n\n\n<li><span style=\"color:#e2f3fa\" class=\"has-inline-color\">20 juillet 2019 \u00e0 PAU (64) Festival \u00ab\u00a0L\u2019\u00e9t\u00e9 \u00e0 Pau\u00a0\u00bb<\/span><\/li>\n\n\n\n<li><span style=\"color:#e2f3fa\" class=\"has-inline-color\">19 juillet 2019 \u00e0 SAINT HILAIRE DE CHAL\u00c9ON (44) Festival \u00ab\u00a0Les Zendimanch\u00e9s\u00a0\u00bb<\/span><\/li>\n\n\n\n<li><span style=\"color:#e2f3fa\" class=\"has-inline-color\">13 juillet 2019 \u00e0 CARQUEFOU (44) \u00ab\u00a0ch\u00e2teau de la Fleuriaye\u00a0\u00bb<\/span><\/li>\n\n\n\n<li><span style=\"color:#e2f3fa\" class=\"has-inline-color\">12 juillet 2019 \u00e0 LA ROCHE SUR YON (85) \u00ab\u00a0MQ Pont Morineau\u00a0\u00bb<\/span><\/li>\n\n\n\n<li><span style=\"color:#e2f3fa\" class=\"has-inline-color\">6 juillet 2019 \u00e0 LA CHEVROLI\u00c8RE (44) \u00ab\u00a0Festival Les Rives en F\u00eate\u00a0\u00bb<\/span><\/li>\n\n\n\n<li><span style=\"color:#e2f3fa\" class=\"has-inline-color\">6 juillet 2019 \u00e0 POUZAUGES (85) \u00ab\u00a0Vernissage Jardin\u2019Arts \u00ab\u00a0<\/span><\/li>\n\n\n\n<li><span style=\"color:#e2f3fa\" class=\"has-inline-color\">4 juillet 2019 \u00e0 DISSAY (86) \u00ab\u00a0La f\u00eate des \u00e9coles\u00a0\u00bb<\/span><\/li>\n\n\n\n<li><span style=\"color:#e2f3fa\" class=\"has-inline-color\">30 juin 2019 \u00e0 St Aignan de Grand Lieu (44) \u00ab\u00a0F\u00eate de Pierre Aigu\u00eb\u00a0\u00bb<\/span><\/li>\n\n\n\n<li><span style=\"color:#e2f3fa\" class=\"has-inline-color\">29 juin 2019 \u00e0 SAINT NAZAIRE (44) \u00ab\u00a0Biennale de la transition \u00e9cologique\u00a0\u00bb<\/span><\/li>\n\n\n\n<li><span style=\"color:#e2f3fa\" class=\"has-inline-color\">22 juin 2019 \u00e0 LA ROCHE SUR YON (85) \u00ab\u00a0Jardin\u2019art MQ Pont Morineau\u00a0\u00bb\u00a0\u00bb<\/span><\/li>\n\n\n\n<li><span style=\"color:#e2f3fa\" class=\"has-inline-color\">19 mai 2019 \u00e0 VILLERS-BOCAGE (14) \u00a0\u00bb Village de la R\u00e9cup\u2019 \u00ab\u00a0<\/span><\/li>\n\n\n\n<li><span style=\"color:#e2f3fa\" class=\"has-inline-color\">18 mai 2019 \u00e0 MARMANDE(47) \u00ab\u00a01er Festival Z\u00e9ro D\u00e9chet, Z\u00e9ro Gaspillage \u00ab\u00a0<\/span><\/li>\n\n\n\n<li><span style=\"color:#e2f3fa\" class=\"has-inline-color\">17 mai 2019 \u00e0 MAILL\u00c9 (85) \u00ab\u00a0le D\u00e9cal\u2019baret \u00ab\u00a0<\/span><\/li>\n\n\n\n<li><span style=\"color:#e2f3fa\" class=\"has-inline-color\">12 mai 2019 \u00e0 ST C\u00d6ME DU MONT (50) \u00a0\u00bb pique-nique g\u00e9ant \u00e0 la Maison du Parc \u00ab\u00a0<\/span><\/li>\n\n\n\n<li><span style=\"color:#e2f3fa\" class=\"has-inline-color\">27 et 28 avril 2019 \u00e0 Savenay (44) \u00ab\u00a0Foire de Savenay\u00a0\u00bb<\/span><\/li>\n\n\n\n<li><span style=\"color:#e2f3fa\" class=\"has-inline-color\">17 avril 2019 \u00e0 Houilles (78) \u00ab\u00a0Carnaval des enfants\u00a0\u00bb<\/span><\/li>\n\n\n\n<li><span style=\"color:#e2f3fa\" class=\"has-inline-color\">30 mars 2019 \u00e0 Bouff\u00e9mont (95) Carnaval<\/span><\/li>\n\n\n\n<li><span style=\"color:#e2f3fa\" class=\"has-inline-color\">Du 21 au 24 mars 2019 \u00e0 SINGAPOUR&nbsp;<\/span><\/li>\n<\/ul>\n\n\n\n<p class=\"has-luminous-vivid-orange-color has-text-color\" style=\"font-size:18px\">2018<\/p>\n\n\n\n<ul style=\"font-size:18px\" class=\"wp-block-list\">\n<li><span style=\"color:#e1f1f8\" class=\"has-inline-color\">22 d\u00e9cembre 2018 A PORNIC (44)<\/span><\/li>\n\n\n\n<li><span style=\"color:#e1f1f8\" class=\"has-inline-color\">20 d\u00e9cembre 2018 A HERBIGNAC (44)<\/span><\/li>\n\n\n\n<li><span style=\"color:#e1f1f8\" class=\"has-inline-color\">17 novembre 2018 \u00e0 MACHECOUL (44) \u00ab\u00a0Semaine Europ\u00e9enne du R\u00e9emploi et du D\u00e9veloppement durable\u00a0\u00bb<\/span><\/li>\n\n\n\n<li><span style=\"color:#e1f1f8\" class=\"has-inline-color\">du 11 au 24 octobre 2018 Tourn\u00e9e en CHINE \u00ab\u00a0Alliances fran\u00e7aises Tianjin et Xi\u2019An, Festival Wuzhen &#8230;\u00a0\u00bb<\/span><\/li>\n\n\n\n<li><span style=\"color:#e1f1f8\" class=\"has-inline-color\">du 2 au 10 octobre 2018 Tourn\u00e9e CORR\u00c9 DU SUD \u00ab\u00a0Jeonju International Sori Festival\u00a0\u00bb &#8230;<\/span><\/li>\n\n\n\n<li><span style=\"color:#e1f1f8\" class=\"has-inline-color\">30 septembre 2018 A PONTONX (40) \u00ab\u00a0Pitchouns Festival\u00a0\u00bb<\/span><\/li>\n\n\n\n<li><span style=\"color:#e1f1f8\" class=\"has-inline-color\">23 septembre 2018 A INGRANDE SUR LOIRE (49)<\/span><\/li>\n\n\n\n<li><span style=\"color:#e1f1f8\" class=\"has-inline-color\">22 septembre 2018 A CALAIS (62) Au Channel \u00ab\u00a0Journ\u00e9e du r\u00e9emploi et de la r\u00e9paration\u00a0\u00bb<\/span><\/li>\n\n\n\n<li><span style=\"color:#e1f1f8\" class=\"has-inline-color\">15 septembre 2018 A NOIRMOUTIERS EN L\u2019\u00ceLE (85)<\/span><\/li>\n\n\n\n<li><span style=\"color:#e1f1f8\" class=\"has-inline-color\">31 ao\u00fbt et 1ier septembre 2018 A AVILA (ESPAGNE)<\/span><\/li>\n\n\n\n<li><span style=\"color:#e1f1f8\" class=\"has-inline-color\">8 juillet 2018 A LES CERQUEUX (49) \u00ab\u00a0Les Cerquo\u2019folies\u00a0\u00bb\u00a0\u00bb<\/span><\/li>\n\n\n\n<li><span style=\"color:#e1f1f8\" class=\"has-inline-color\">7 juillet 2018 A NANTES (44) \u00ab\u00a0Quai \u00eele de Nantes\u00a0\u00bb<\/span><\/li>\n\n\n\n<li><span style=\"color:#e1f1f8\" class=\"has-inline-color\">2 juin 2018 A SAINT NAZAIRE (44) \u00ab\u00a0Grandes Mar\u00e9es\u00a0\u00bb<\/span><\/li>\n\n\n\n<li><span style=\"color:#e1f1f8\" class=\"has-inline-color\">27 mai 2018 A PLUMERGAT (56)<\/span><\/li>\n\n\n\n<li><span style=\"color:#e1f1f8\" class=\"has-inline-color\">12 mai 2018 A SEVRAN (93)&nbsp;<\/span><\/li>\n\n\n\n<li><span style=\"color:#e1f1f8\" class=\"has-inline-color\">5 mai 2018 A ESCH SUR ALZETTE (LUXEMBOURG)&nbsp;<\/span><\/li>\n\n\n\n<li><span style=\"color:#e1f1f8\" class=\"has-inline-color\">28 avril 2018 A Rez\u00e9 (44) \u00ab\u00a0Maison du d\u00e9veloppement durable\u00a0\u00bb<\/span><\/li>\n\n\n\n<li><span style=\"color:#e1f1f8\" class=\"has-inline-color\">28 mars 2018 Au LOROUX BOTTEREAU (44) \u00ab\u00a0Carnaval des enfants\u00a0\u00bb<\/span><\/li>\n\n\n\n<li><span style=\"color:#e1f1f8\" class=\"has-inline-color\">24 mars 2018 A VINCENNES (94) \u00ab\u00a0Semaine de la petite enfance\u00a0\u00bb<\/span><\/li>\n<\/ul>\n\n\n\n<p class=\"has-luminous-vivid-orange-color has-text-color\" style=\"font-size:18px\">2017<\/p>\n\n\n\n<ul style=\"font-size:18px\" class=\"wp-block-list\">\n<li><span style=\"color:#e2f4fc\" class=\"has-inline-color\">18 et 19 novembre 2017 A MORELIA et PATZCUARO (MEXIQUE) \u00ab\u00a0Music International Festival\u00a0\u00bb<\/span><\/li>\n\n\n\n<li><span style=\"color:#e2f4fc\" class=\"has-inline-color\">20 novembre 2017 A GUADALAJARA (MEXIQUE)&nbsp;<\/span><\/li>\n\n\n\n<li><span style=\"color:#e2f4fc\" class=\"has-inline-color\">23 septembre 2017 A CALAIS (62) Au Channel \u00ab\u00a0Journ\u00e9e du r\u00e9emploi et de la r\u00e9paration\u00a0\u00bb<\/span><\/li>\n\n\n\n<li><span style=\"color:#e2f4fc\" class=\"has-inline-color\">27 ao\u00fbt 2017 A ARRAS (62) \u00ab\u00a0F\u00eate de l\u2019Andouillette\u00a0\u00bb<\/span><\/li>\n\n\n\n<li><span style=\"color:#e2f4fc\" class=\"has-inline-color\">9 ao\u00fbt 2017 A AVRANCHES (50) \u00ab\u00a0Festival Jazz en baie\u00a0\u00bb<\/span><\/li>\n\n\n\n<li><span style=\"color:#e2f4fc\" class=\"has-inline-color\">5 ao\u00fbt 2017 A POUANC\u00c9 (49)<\/span><\/li>\n\n\n\n<li><span style=\"color:#e2f4fc\" class=\"has-inline-color\">4 ao\u00fbt 2017 A FIENNES (62)<\/span><\/li>\n\n\n\n<li><span style=\"color:#e2f4fc\" class=\"has-inline-color\">1ier et 2 ao\u00fbt 2017 A NIEDERBRONN LES BAINS (67) \u00ab\u00a0Festival M\u00f4mes en sc\u00e8ne\u2019\u00a0\u00bb<\/span><\/li>\n\n\n\n<li><span style=\"color:#e2f4fc\" class=\"has-inline-color\">28 juillet 2017 A BARB\u00c2TRE (85)&nbsp;<\/span><\/li>\n\n\n\n<li><span style=\"color:#e2f4fc\" class=\"has-inline-color\">15 juillet 2017 A TONNAY CHARENTE (17)&nbsp;<\/span><\/li>\n\n\n\n<li><span style=\"color:#e2f4fc\" class=\"has-inline-color\">9 juillet 2017 A MONTS (37) Festival \u00ab\u00a0Terre de Son\u00a0\u00bb<\/span><\/li>\n\n\n\n<li><span style=\"color:#e2f4fc\" class=\"has-inline-color\">2 juillet 2017 A GIVORS (69)&nbsp;<\/span><\/li>\n\n\n\n<li><span style=\"color:#e2f4fc\" class=\"has-inline-color\">16 juin 2017 A PLUNERET(56)&nbsp;<\/span><\/li>\n\n\n\n<li><span style=\"color:#e2f4fc\" class=\"has-inline-color\">3 et 4 juin 2017 A ANGLET (64)&nbsp;<\/span><\/li>\n\n\n\n<li><span style=\"color:#e2f4fc\" class=\"has-inline-color\">2 juin 2017 A NOIRMOUTIER EN L\u2019\u00ceLE (85) \u00ab\u00a0Semaine du d\u00e9veloppement durable\u00a0\u00bb<\/span><\/li>\n\n\n\n<li><span style=\"color:#e2f4fc\" class=\"has-inline-color\">27 mai 2017 A CHARTRES (28) \u00ab\u00a0Salon de la R\u00e9cup\u2019\u00a0\u00bb<\/span><\/li>\n\n\n\n<li><span style=\"color:#e2f4fc\" class=\"has-inline-color\">25 mai 2017 A BORDEAUX (33)<\/span><\/li>\n\n\n\n<li><span style=\"color:#e2f4fc\" class=\"has-inline-color\">20 mai 2017 A ST NAZAIRE (44)<\/span><\/li>\n\n\n\n<li><span style=\"color:#e2f4fc\" class=\"has-inline-color\">14 mai 2017 A PLOUHINEC (56) \u00ab\u00a0Salon de la R\u00e9cup\u2019\u00a0\u00bb<\/span><\/li>\n\n\n\n<li><span style=\"color:#e2f4fc\" class=\"has-inline-color\">13 avril 2017 A BRESSUIRE (79) \u00ab\u00a0EPLEFPA Les Sicaudi\u00e8res\u00a0\u00bb<\/span><\/li>\n\n\n\n<li><span style=\"color:#e2f4fc\" class=\"has-inline-color\">8 avril 2017 A AIGREFEUILLE D\u2019AUNIS (17) \u00ab\u00a0Carnaval des enfants\u00a0\u00bb<\/span><\/li>\n\n\n\n<li><span style=\"color:#e2f4fc\" class=\"has-inline-color\">25 mars 2017 A Aizenay (85) \u00ab\u00a0Carnaval enfants\u00a0\u00bb<\/span><\/li>\n\n\n\n<li><span style=\"color:#e2f4fc\" class=\"has-inline-color\">18 mars 2017 A QUESTEMBERT (56) \u00ab\u00a0Carnaval des enfants\u00a0\u00bb<\/span><\/li>\n\n\n\n<li><span style=\"color:#e2f4fc\" class=\"has-inline-color\">15 mars 2017 A Saint Nazaire (44) \u00ab\u00a0Carnaval MQ Bouletterie\u00a0\u00bb<\/span><\/li>\n<\/ul>\n\n\n\n<p class=\"has-luminous-vivid-orange-color has-text-color\" style=\"font-size:18px\">2016<\/p>\n\n\n\n<ul style=\"font-size:18px\" class=\"wp-block-list\">\n<li><span style=\"color:#e6f6fd\" class=\"has-inline-color\">3 d\u00e9cembre 2016 A ST JULIEN DE CONCELLES (44) \u00ab\u00a0March\u00e9 de No\u00ebl\u00a0\u00bb<\/span><\/li>\n\n\n\n<li><span style=\"color:#e6f6fd\" class=\"has-inline-color\">26 novembre 2016 \u00e0 LEG\u00c9 (44) Apr\u00e8s midi<\/span><\/li>\n\n\n\n<li><span style=\"color:#e6f6fd\" class=\"has-inline-color\">5 novembre 2016 A NOIRMOUTIER EN L\u00ceLE (85) \u00ab\u00a0R\u00e9cup\u2019 her\u00a0\u00bb<\/span><\/li>\n\n\n\n<li><span style=\"color:#e6f6fd\" class=\"has-inline-color\">16 octobre 2016 A MAISON ALFORT (94))<\/span><\/li>\n\n\n\n<li><span style=\"color:#e6f6fd\" class=\"has-inline-color\">15 octobre 2016 A CALAIS (59)<\/span><\/li>\n\n\n\n<li><span style=\"color:#e6f6fd\" class=\"has-inline-color\">28 septembre 2016 A CRETEIL\/IVRY (94) \u00ab&nbsp;Festival de Marne&nbsp;\u00bb&nbsp;<\/span><\/li>\n\n\n\n<li><span style=\"color:#e6f6fd\" class=\"has-inline-color\">18 septembre 2016 A HAZEBROUCK (59) \u00ab&nbsp;Festival la rue aux artistes&nbsp;\u00bb avec \u00ab\u00a0Assahira production\u00a0\u00bb<\/span><\/li>\n\n\n\n<li><span style=\"color:#e6f6fd\" class=\"has-inline-color\">11 septembre 2016 A AVOINE (37) \u00a0\u00bb F\u00eate de l\u2019environnement\u00a0\u00bb<\/span><\/li>\n\n\n\n<li><span style=\"color:#e6f6fd\" class=\"has-inline-color\">10 septembre 2016 A MONTCUQ (46) Festival \u00ab\u00a0La Rue des Enfants\u00a0\u00bb<\/span><\/li>\n\n\n\n<li><span style=\"color:#e6f6fd\" class=\"has-inline-color\">2 septembre 2016 A MONTREUIL JUIGN\u00c9 (49) avec \u00ab\u00a0Les Productions Hirsutes\u00a0\u00bb et \u00ab\u00a0Assahira Production\u00a0\u00bb<\/span><\/li>\n\n\n\n<li><span style=\"color:#e6f6fd\" class=\"has-inline-color\">27 et 28 ao\u00fbt 2016 A AGEN (47) \u00ab\u00a0Pruneau Show\u00a0\u00bb&nbsp;<\/span><\/li>\n\n\n\n<li><span style=\"color:#e6f6fd\" class=\"has-inline-color\">26 ao\u00fbt 2016 A NARBONNE(11) \u00ab\u00a0Festival Barques en sc\u00e8ne \u00ab\u00a0<\/span><\/li>\n\n\n\n<li><span style=\"color:#e6f6fd\" class=\"has-inline-color\">22 et 23 ao\u00fbt 2016 VARAZDIN (CROATIE)&nbsp;<\/span><\/li>\n\n\n\n<li><span style=\"color:#e6f6fd\" class=\"has-inline-color\">20 ao\u00fbt 2016 A LA ROUVI\u00c8RE (30) \u00ab\u00a0Festival de rue\u00a0\u00bb<\/span><\/li>\n\n\n\n<li><span style=\"color:#e6f6fd\" class=\"has-inline-color\">15 ao\u00fbt 2016 AU CROISIC (44)<\/span><\/li>\n\n\n\n<li><span style=\"color:#e6f6fd\" class=\"has-inline-color\">7 ao\u00fbt 2016 A SAUZON (56)<\/span><\/li>\n\n\n\n<li><span style=\"color:#e6f6fd\" class=\"has-inline-color\">1ier ao\u00fbt 2016 A SALLERTAINE (85)<\/span><\/li>\n\n\n\n<li><span style=\"color:#e6f6fd\" class=\"has-inline-color\">30 juillet 2016 A THOUARS (79)<\/span><\/li>\n\n\n\n<li><span style=\"color:#e6f6fd\" class=\"has-inline-color\">24 juillet 2016 \u00ceLE DE BR\u00c9AT (22)<\/span><\/li>\n\n\n\n<li><span style=\"color:#e6f6fd\" class=\"has-inline-color\">21 juillet 2016 A SABL\u00c9 SUR SARTHE (72) \u00ab\u00a0Rockissim\u00f4me\u00a0\u00bb<\/span><\/li>\n\n\n\n<li><span style=\"color:#e6f6fd\" class=\"has-inline-color\">17 juillet 2016 A PORTBAIL (50)<\/span><\/li>\n\n\n\n<li><span style=\"color:#e6f6fd\" class=\"has-inline-color\">15 juillet 2016 A MONMARTIN SUR MER (50) \u00ab\u00a0Festival Chauffer dans la noirceur\u00a0\u00bb<\/span><\/li>\n\n\n\n<li><span style=\"color:#e6f6fd\" class=\"has-inline-color\">14 juillet 2016 \u00e0 ST VALERY EN CAUX (76)<\/span><\/li>\n\n\n\n<li><span style=\"color:#e6f6fd\" class=\"has-inline-color\">13 juillet 2016 \u00e0 PONTCH\u00c2TEAU (44)<\/span><\/li>\n\n\n\n<li><span style=\"color:#e6f6fd\" class=\"has-inline-color\">12 juillet 2016 \u00e0 NANTES (44) avec \u00ab\u00a0Les Productions Hirsutes\u00a0\u00bb<\/span><\/li>\n\n\n\n<li><span style=\"color:#e6f6fd\" class=\"has-inline-color\">2 juillet 2016 A THIERS (63) \u00ab\u00a0La Base de Loisir\u00a0\u00bb<\/span><\/li>\n\n\n\n<li><span style=\"color:#e6f6fd\" class=\"has-inline-color\">1ier juillet 2016 A CAHORS (46) \u00ab\u00a0Festival Lot of Saveurs\u00a0\u00bb&nbsp;<\/span><\/li>\n\n\n\n<li><span style=\"color:#e6f6fd\" class=\"has-inline-color\">du 20 au 22 juin 2016 A ARKHANGELSK (RUSSIE) \u00ab\u00a0International Street Theatre Festival\u00a0\u00bb<\/span><\/li>\n\n\n\n<li><span style=\"color:#e6f6fd\" class=\"has-inline-color\">5 juin 2016 AU MAY SUR EVRES (49)<\/span><\/li>\n\n\n\n<li><span style=\"color:#e6f6fd\" class=\"has-inline-color\">29 mai 2016 A MAUZ\u00c9-THOURSAIS (79) \u00ab\u00a050 ans de l\u2019Harmonie\u00a0\u00bb<\/span><\/li>\n\n\n\n<li><span style=\"color:#e6f6fd\" class=\"has-inline-color\">5 mai 2016 A ST CH\u00c9RON (91) \u00ab\u00a0La Brocante\u00a0\u00bb<\/span><\/li>\n\n\n\n<li><span style=\"color:#e6f6fd\" class=\"has-inline-color\">30 avril 2016 A SAINT NAZAIRE (44) \u00ab\u00a0M.Q. de la Chesnaie\u00a0\u00bb<\/span><\/li>\n\n\n\n<li><span style=\"color:#e6f6fd\" class=\"has-inline-color\">24 avril 2016 A INDRE SUR LOIRE (44) \u00ab\u00a0F\u00eate de Loire\u00a0\u00bb<\/span><\/li>\n\n\n\n<li><span style=\"color:#e6f6fd\" class=\"has-inline-color\">10 avril 2016 A BLANDY LES TOURS (77) \u00ab\u00a0La Rando des 3 Ch\u00e2teaux\u00a0\u00bb<\/span><\/li>\n\n\n\n<li><span style=\"color:#e6f6fd\" class=\"has-inline-color\">2 avril 2016 A La Rochelle (17) \u00ab\u00a0Le Carnaval\u00a0\u00bb<\/span><\/li>\n\n\n\n<li><span style=\"color:#e6f6fd\" class=\"has-inline-color\">27 mars 2016 A MONTOIR DE BRETAGNE (44) \u00ab\u00a0La Chasse aux oeufs\u00a0\u00bb<\/span><\/li>\n\n\n\n<li><span style=\"color:#e6f6fd\" class=\"has-inline-color\">18 mars 2016 A ST GILLES CROIX DE VIE (85)<\/span><\/li>\n<\/ul>\n\n\n\n<p class=\"has-luminous-vivid-orange-color has-text-color\" style=\"font-size:18px\">2015<\/p>\n\n\n\n<ul style=\"font-size:18px\" class=\"wp-block-list\">\n<li><span style=\"color:#e1f2fa\" class=\"has-inline-color\">12 d\u00e9cembre 2015 A VIGNEUX DE BRETAGNE (44) \u00ab\u00a0March\u00e9 de No\u00ebl\u00a0\u00bb<\/span><\/li>\n\n\n\n<li><span style=\"color:#e1f2fa\" class=\"has-inline-color\">13 d\u00e9cembre 2015 A ST NAZAIRE (44) \u00ab\u00a0Maison de quartier Immacul\u00e9e-Beauregard\u00a0\u00bb<\/span><\/li>\n\n\n\n<li><span style=\"color:#e1f2fa\" class=\"has-inline-color\">9 d\u00e9cembre 2015 A NANTES (44) \u00ab\u00a0COS\u00a0\u00bb<\/span><\/li>\n\n\n\n<li><span style=\"color:#e1f2fa\" class=\"has-inline-color\">9 octobre 2015 \u00c0 NANTES (44) au bout des Landes<\/span><\/li>\n\n\n\n<li><span style=\"color:#e1f2fa\" class=\"has-inline-color\">4 octobre 2015 AU HORPS (53)<\/span><\/li>\n\n\n\n<li><span style=\"color:#e1f2fa\" class=\"has-inline-color\">3 octobre 2015 PECQUENCOURT (59)<\/span><\/li>\n\n\n\n<li><span style=\"color:#e1f2fa\" class=\"has-inline-color\">19 septembre 2015 CALAIS (62)<\/span><\/li>\n\n\n\n<li><span style=\"color:#e1f2fa\" class=\"has-inline-color\">5 septembre 2015 SABL\u00c9 SUR SARTHE (72)<\/span><\/li>\n\n\n\n<li><span style=\"color:#e1f2fa\" class=\"has-inline-color\">26 ao\u00fbt 2015 \u00e0 LES HERBIERS (85) \u00ab&nbsp;A l\u2019heure d\u2019\u00e9t\u00e9&nbsp;\u00bb<\/span><\/li>\n\n\n\n<li><span style=\"color:#e1f2fa\" class=\"has-inline-color\">22 ao\u00fbt 2015 \u00e0 BENEVENT L\u2019ABBAYE (23) \u00ab&nbsp;Les Moutonnades&nbsp;\u00bb&nbsp;<\/span><\/li>\n\n\n\n<li><span style=\"color:#e1f2fa\" class=\"has-inline-color\">15 ao\u00fbt 2015 \u00e0 MERVILLE FRANCEVILLE PLAGE (14) \u00ab\u00a0animations d\u2019\u00e9t\u00e9\u00a0\u00bb<\/span><\/li>\n\n\n\n<li><span style=\"color:#e1f2fa\" class=\"has-inline-color\">7 ao\u00fbt 2015 \u00e0 SAINT NAZAIRE (44) \u00ab\u00a0Prim\u2019escales\u00a0\u00bb<\/span><\/li>\n\n\n\n<li><span style=\"color:#e1f2fa\" class=\"has-inline-color\">2 ao\u00fbt 2015 \u00e0 ALEN\u00c7ON (61) \u00ab&nbsp;Alen\u00e7on plage&nbsp;\u00bb<\/span><\/li>\n\n\n\n<li><span style=\"color:#e1f2fa\" class=\"has-inline-color\">26 juillet 2015 \u00e0 LA TURBALLE (44) \u00ab&nbsp;Les mercredis de l\u2019\u00e9t\u00e9&nbsp;\u00bb<\/span><\/li>\n\n\n\n<li><span style=\"color:#e1f2fa\" class=\"has-inline-color\">24 et 25 juillet 2015 \u00e0 SAUBRIGUES (40) \u00ab&nbsp;Festival Rencontres enchant\u00e9es&nbsp;\u00bb<\/span><\/li>\n\n\n\n<li><span style=\"color:#e1f2fa\" class=\"has-inline-color\">22 juillet 2015 \u00e0 MAYUN (44) \u00ab&nbsp;Festival de la Vannerie&nbsp;\u00bb<\/span><\/li>\n\n\n\n<li><span style=\"color:#e1f2fa\" class=\"has-inline-color\">12 juillet 2015 \u00e0 LA TRANCHE SUR MER (85) \u00ab\u00a0animations d\u2019\u00e9t\u00e9\u00a0\u00bb<\/span><\/li>\n\n\n\n<li><span style=\"color:#e1f2fa\" class=\"has-inline-color\">9 juillet 2015 \u00e0 AURAY (56) Port St Goustan \u00ab&nbsp;Les jeudis du port&nbsp;\u00bb<\/span><\/li>\n\n\n\n<li><span style=\"color:#e1f2fa\" class=\"has-inline-color\">28 juin 2015 \u00e0 VIVOIN (72) \u00ab&nbsp;Festival Kikloche&nbsp;\u00bb<\/span><\/li>\n\n\n\n<li><span style=\"color:#e1f2fa\" class=\"has-inline-color\">20 juin 2015 \u00e0 DENAIN (59) \u00ab&nbsp;Centre socioculturel du Fbg Duchateau&nbsp;\u00bb<\/span><\/li>\n\n\n\n<li><span style=\"color:#e1f2fa\" class=\"has-inline-color\">14 juin 2015 \u00e0 ACHERES (78) \u00ab&nbsp;F\u00eate de l\u2019amiti\u00e9&nbsp;\u00bb<\/span><\/li>\n\n\n\n<li><span style=\"color:#e1f2fa\" class=\"has-inline-color\">13 juin 2015 \u00e0 LA ROCHE SUR YON (85) \u00ab\u00a0Jardin\u2019art\u00a0\u00bb<\/span><\/li>\n\n\n\n<li><span style=\"color:#e1f2fa\" class=\"has-inline-color\">24 mai 2015 \u00e0 BOISGERVILLY (35) \u00ab&nbsp;F\u00eate communale&nbsp;\u00bb<\/span><\/li>\n\n\n\n<li><span style=\"color:#e1f2fa\" class=\"has-inline-color\">9 avril 2015 \u00e0 LA ROCHE SUR YON (85) Lyc\u00e9e notre dame du roc<\/span><\/li>\n\n\n\n<li><span style=\"color:#e1f2fa\" class=\"has-inline-color\">12 mars 2015 \u00e0 LE POIR\u00c9 SUR VIE (85) \u00ab&nbsp;Carnaval des enfants&nbsp;\u00bb<\/span><\/li>\n<\/ul>\n\n\n\n<p class=\"has-luminous-vivid-orange-color has-text-color\">2014<\/p>\n\n\n\n<ul class=\"wp-block-list\">\n<li><span style=\"color:#e0f0f7\" class=\"has-inline-color\">22 et 23 d\u00e9cembre 2014 \u00e0 ST BRIEUC (22)&nbsp;<\/span><\/li>\n\n\n\n<li><span style=\"color:#e0f0f7\" class=\"has-inline-color\">11 octobre 2014 \u00e0 SOLESMES (59) \u00ab\u00a0Village du r\u00e9emploi et de la r\u00e9cup\u2019\u00a0\u00bb<\/span><\/li>\n\n\n\n<li><span style=\"color:#e0f0f7\" class=\"has-inline-color\">4 octobre 2014 \u00e0 CALAIS (62) \u00ab\u00a0Journ\u00e9e du r\u00e9emploi et de la r\u00e9paration. Sc\u00e8ne nationale le Chanel\u00a0\u00bb<\/span><\/li>\n\n\n\n<li><span style=\"color:#e0f0f7\" class=\"has-inline-color\">28 septembre 2014 \u00e0 HOUDAN (78) \u00ab\u00a0Foire St Mathieu\u00a0\u00bb<\/span><\/li>\n\n\n\n<li><span style=\"color:#e0f0f7\" class=\"has-inline-color\">18 septembre 2014 \u00e0 ST HERBLAIN (44)&nbsp;<\/span><\/li>\n\n\n\n<li><span style=\"color:#e0f0f7\" class=\"has-inline-color\">7 septembre 2014 \u00e0 MOUILLERON LE CAPTIF (85) \u00ab\u00a0Festival Face et Cie\u00a0\u00bb<\/span><\/li>\n\n\n\n<li><span style=\"color:#e0f0f7\" class=\"has-inline-color\">29 ao\u00fbt 2014 \u00e0 LA ROCHE SUR YON (85) \u00ab\u00a0MQ Val d\u2019Ornay\u00a0\u00bb<\/span><\/li>\n\n\n\n<li><span style=\"color:#e0f0f7\" class=\"has-inline-color\">24 ao\u00fbt 2014 \u00e0 LE POIR\u00c9 SUR VIE (85)&nbsp;<\/span><\/li>\n\n\n\n<li><span style=\"color:#e0f0f7\" class=\"has-inline-color\">17 ao\u00fbt 2014 \u00e0 LA BAULE (44)&nbsp;<\/span><\/li>\n\n\n\n<li><span style=\"color:#e0f0f7\" class=\"has-inline-color\">16 ao\u00fbt 2014 \u00e0 Port des Barques (17)&nbsp;<\/span><\/li>\n\n\n\n<li><span style=\"color:#e0f0f7\" class=\"has-inline-color\">3 Ao\u00fbt 2014 \u00e0 MAREUIL SUR LAY (85)<\/span><\/li>\n\n\n\n<li><span style=\"color:#e0f0f7\" class=\"has-inline-color\">2 Ao\u00fbt 2014 \u00e0 MAULEVRIER (49)<\/span><\/li>\n\n\n\n<li><span style=\"color:#e0f0f7\" class=\"has-inline-color\">13 juillet 2014 \u00e0 ST VALERY EN CAUX (76)<\/span><\/li>\n\n\n\n<li><span style=\"color:#e0f0f7\" class=\"has-inline-color\">28 juin 2014 \u00e0 LONGU\u00c9 JUMELLE (49)&nbsp;<\/span><\/li>\n\n\n\n<li><span style=\"color:#e0f0f7\" class=\"has-inline-color\">15 juin 2014 \u00e0 CORDEMAIS (44)<\/span><\/li>\n\n\n\n<li><span style=\"color:#e0f0f7\" class=\"has-inline-color\">27 mai 2014 \u00e0 St Saulve (59)&nbsp;<\/span><\/li>\n\n\n\n<li><span style=\"color:#e0f0f7\" class=\"has-inline-color\">19 mai 2014 \u00e0 GUERANDE (44)&nbsp;<\/span><\/li>\n\n\n\n<li><span style=\"color:#e0f0f7\" class=\"has-inline-color\">18 mai 2014 \u00e0 St DENIS DE PILE (33)&nbsp;<\/span><\/li>\n\n\n\n<li><span style=\"color:#e0f0f7\" class=\"has-inline-color\">27 avril 2014 \u00e0 LA TRONQUI\u00c8RE (46)&nbsp;<\/span><\/li>\n\n\n\n<li><span style=\"color:#e0f0f7\" class=\"has-inline-color\">12 avril 2014 \u00e0 NUEIL LES AUBIERS (79)&nbsp;<\/span><\/li>\n\n\n\n<li><span style=\"color:#e0f0f7\" class=\"has-inline-color\">6 avril 2014 \u00e0 ARCACHON (33) Carnaval<\/span><\/li>\n\n\n\n<li><span style=\"color:#e0f0f7\" class=\"has-inline-color\">5 avril 2014 \u00e0 LA ROCHELLE (17) Carnaval<\/span><\/li>\n\n\n\n<li><span style=\"color:#e0f0f7\" class=\"has-inline-color\">28 mars 2014 \u00e0 THOUAR\u00c9 (44)&nbsp;<\/span><\/li>\n<\/ul>\n\n\n\n<p class=\"has-luminous-vivid-orange-color has-text-color\" style=\"font-size:18px\">2013<\/p>\n\n\n\n<ul style=\"font-size:18px\" class=\"wp-block-list\">\n<li><span style=\"color:#daeef7\" class=\"has-inline-color\">14 d\u00e9cembre 2013 \u00e0 NANTES (44) \u00ab\u00a0Tiss\u00e9 M\u00e9tisse\u00a0\u00bb<\/span><\/li>\n\n\n\n<li><span style=\"color:#daeef7\" class=\"has-inline-color\">30 novembre et 1ier d\u00e9cembre 2013 \u00e0 VAUX LE P\u00c9NIL (77) \u00ab\u00a0March\u00e9 de No\u00ebl\u00a0\u00bb<\/span><\/li>\n\n\n\n<li><span style=\"color:#daeef7\" class=\"has-inline-color\">12 octobre 2013 \u00e0 VIEUX-CONDE (59)&nbsp;<\/span><\/li>\n\n\n\n<li><span style=\"color:#daeef7\" class=\"has-inline-color\">21 septembre 2013 \u00e0 LA CHAPELLE AUBRY (49)&nbsp;<\/span><\/li>\n\n\n\n<li><span style=\"color:#daeef7\" class=\"has-inline-color\">14 septembre 2013 \u00e0 BOUGUENAIS (44)&nbsp;<\/span><\/li>\n\n\n\n<li><span style=\"color:#daeef7\" class=\"has-inline-color\">8 septembre 2013 \u00e0 ST JOACHIM (44) parc de bri\u00e8re<\/span><\/li>\n\n\n\n<li><span style=\"color:#daeef7\" class=\"has-inline-color\">3 septembre 2013 \u00e0 NANTES (44)&nbsp;<\/span><\/li>\n\n\n\n<li><span style=\"color:#daeef7\" class=\"has-inline-color\">31 ao\u00fbt et 1ier septembre 2013 \u00e0 LA FERTE BERNARD (49)&nbsp;<\/span><\/li>\n\n\n\n<li><span style=\"color:#daeef7\" class=\"has-inline-color\">25 ao\u00fbt 2013 \u00e0 CHATELLERAULT (86)&nbsp;<\/span><\/li>\n\n\n\n<li><span style=\"color:#daeef7\" class=\"has-inline-color\">12 juillet 2013 \u00e0 BELLEGARDE SUR VALSERINE (01)&nbsp;<\/span><\/li>\n\n\n\n<li><span style=\"color:#daeef7\" class=\"has-inline-color\">29 juin 2013 \u00e0 CORCOUE (44) \u00ab\u00a0F\u00eate de l\u2019\u00e9cole\u2019\u00a0\u00bb<\/span><\/li>\n\n\n\n<li><span style=\"color:#daeef7\" class=\"has-inline-color\">22 juin 2013 \u00e0 FROMENTINE (44)<\/span><\/li>\n\n\n\n<li><span style=\"color:#daeef7\" class=\"has-inline-color\">13 juin 2013 \u00e0 LA ROCHE SUR YON (85) foyer des apprentis<\/span><\/li>\n\n\n\n<li><span style=\"color:#daeef7\" class=\"has-inline-color\">18 mai 2013 \u00e0 LILLEBONNE (76)<\/span><\/li>\n\n\n\n<li><span style=\"color:#daeef7\" class=\"has-inline-color\">17 avril 2013 \u00e0 SECONDIGNY (79)<\/span><\/li>\n\n\n\n<li><span style=\"color:#daeef7\" class=\"has-inline-color\">7 avril 2013 \u00e0 NOSTANG (56) \u00ab\u00a0Salon de la r\u00e9cup\u2019\u00a0\u00bb<\/span><\/li>\n\n\n\n<li><span style=\"color:#daeef7\" class=\"has-inline-color\">30 mars 2013 \u00e0 VANNES(56) \u00ab\u00a0Journ\u00e9es du d\u00e9veloppement durable\u2019\u00a0\u00bb<\/span><\/li>\n\n\n\n<li><span style=\"color:#daeef7\" class=\"has-inline-color\">22 mars 2013 \u00e0 ST CALAIS (72)<\/span><\/li>\n<\/ul>\n\n\n\n<p class=\"has-luminous-vivid-orange-color has-text-color\" style=\"font-size:18px\">2012<\/p>\n\n\n\n<ul style=\"font-size:18px\" class=\"wp-block-list\">\n<li><span style=\"color:#e4f4fb\" class=\"has-inline-color\">7 juillet 2012 \u00e0 BRAIN SUR ALLONNES (49) Festival \u00ab\u00a0les D\u00e9branch\u00e9s\u00a0\u00bb<\/span><\/li>\n\n\n\n<li><span style=\"color:#e4f4fb\" class=\"has-inline-color\">29 juin 2012 \u00e0 NANTES (44) \u00ab\u00a0FACTOREV\u00a0\u00bb<\/span><\/li>\n<\/ul>\n\n\n\n<p class=\"has-luminous-vivid-orange-color has-text-color\" style=\"font-size:18px\">2011<\/p>\n\n\n\n<ul style=\"font-size:18px\" class=\"wp-block-list\">\n<li><span style=\"color:#e9f7fd\" class=\"has-inline-color\">14 ao\u00fbt 2011 \u00e0 l\u2019Aiguillon sur Vie (85)<\/span><\/li>\n\n\n\n<li><span style=\"color:#e9f7fd\" class=\"has-inline-color\">19 juin 2011 le matin aux \u00ab\u00a0Butinneries\u00a0\u00bb \u00e0 Nantes(44)&nbsp;<\/span><\/li>\n<\/ul>\n\n\n\n<p><\/p>\n","protected":false},"excerpt":{"rendered":"<p>Photo Vanessa Renaud 2027 Du 22 au 24 avril 2027 \u00e0 ROUANS (44) \u00ab\u00a0Croq&rsquo; la sc\u00e8ne\u00a0\u00bb 2026 4 octobre 2026 \u00e0 SAINT AUBIN LE VERTUEUX (27) avec Assahira production 27 septembre 2026 \u00e0 BAYEUX (14) 26 septembre 2026 \u00e0 VITR\u00c9 (35) 12 septembre 2026 \u00e0 ANDREZ\u00c9 (44) 5 et 6&#8230;<\/p>\n","protected":false},"author":1,"featured_media":0,"parent":0,"menu_order":0,"comment_status":"closed","ping_status":"closed","template":"","meta":{"footnotes":""},"class_list":["post-17","page","type-page","status-publish","hentry"],"jetpack_sharing_enabled":true,"_links":{"self":[{"href":"https:\/\/www.lestransformateurs.fr\/index.php\/wp-json\/wp\/v2\/pages\/17","targetHints":{"allow":["GET"]}}],"collection":[{"href":"https:\/\/www.lestransformateurs.fr\/index.php\/wp-json\/wp\/v2\/pages"}],"about":[{"href":"https:\/\/www.lestransformateurs.fr\/index.php\/wp-json\/wp\/v2\/types\/page"}],"author":[{"embeddable":true,"href":"https:\/\/www.lestransformateurs.fr\/index.php\/wp-json\/wp\/v2\/users\/1"}],"replies":[{"embeddable":true,"href":"https:\/\/www.lestransformateurs.fr\/index.php\/wp-json\/wp\/v2\/comments?post=17"}],"version-history":[{"count":261,"href":"https:\/\/www.lestransformateurs.fr\/index.php\/wp-json\/wp\/v2\/pages\/17\/revisions"}],"predecessor-version":[{"id":1060,"href":"https:\/\/www.lestransformateurs.fr\/index.php\/wp-json\/wp\/v2\/pages\/17\/revisions\/1060"}],"wp:attachment":[{"href":"https:\/\/www.lestransformateurs.fr\/index.php\/wp-json\/wp\/v2\/media?parent=17"}],"curies":[{"name":"wp","href":"https:\/\/api.w.org\/{rel}","templated":true}]}}